{"id":960,"date":"2025-07-20T08:57:30","date_gmt":"2025-07-20T06:57:30","guid":{"rendered":"https:\/\/c14paris.com\/?post_type=artiste&#038;p=960"},"modified":"2025-07-20T08:57:31","modified_gmt":"2025-07-20T06:57:31","slug":"fabien-clerc","status":"publish","type":"artiste","link":"https:\/\/c14paris.com\/en\/artiste\/fabien-clerc\/","title":{"rendered":"Fabien Clerc"},"content":{"rendered":"<style>.kb-row-layout-wrap.wp-block-kadence-rowlayout.kb-row-layout-id960_9b06e6-bc{margin-top:0px;}.kb-row-layout-id960_9b06e6-bc > .kt-row-column-wrap{align-content:start;}:where(.kb-row-layout-id960_9b06e6-bc > .kt-row-column-wrap) > .wp-block-kadence-column{justify-content:start;}.kb-row-layout-id960_9b06e6-bc > .kt-row-column-wrap{column-gap:var(--global-kb-gap-md, 2rem);row-gap:var(--global-kb-gap-md, 2rem);max-width:var( --global-content-width, 1250px );padding-left:var(--global-content-edge-padding);padding-right:var(--global-content-edge-padding);padding-bottom:var(--global-kb-spacing-sm, 1.5rem);grid-template-columns:repeat(2, minmax(0, 1fr));}.kb-row-layout-id960_9b06e6-bc > .kt-row-layout-overlay{opacity:0.30;}@media all and (max-width: 1024px){.kb-row-layout-id960_9b06e6-bc > .kt-row-column-wrap{grid-template-columns:repeat(2, minmax(0, 1fr));}}@media all and (max-width: 767px){.kb-row-layout-id960_9b06e6-bc > .kt-row-column-wrap{grid-template-columns:minmax(0, 1fr);}}<\/style><div class=\"kb-row-layout-wrap kb-row-layout-id960_9b06e6-bc alignnone wp-block-kadence-rowlayout\"><div class=\"kt-row-column-wrap kt-has-2-columns kt-row-layout-equal kt-tab-layout-inherit kt-mobile-layout-row kt-row-valign-top kb-theme-content-width\">\n<style>.kadence-column960_678efb-66 > .kt-inside-inner-col,.kadence-column960_678efb-66 > .kt-inside-inner-col:before{border-top-left-radius:0px;border-top-right-radius:0px;border-bottom-right-radius:0px;border-bottom-left-radius:0px;}.kadence-column960_678efb-66 > .kt-inside-inner-col{column-gap:var(--global-kb-gap-sm, 1rem);}.kadence-column960_678efb-66 > .kt-inside-inner-col{flex-direction:column;}.kadence-column960_678efb-66 > .kt-inside-inner-col > .aligncenter{width:100%;}.kadence-column960_678efb-66 > .kt-inside-inner-col:before{opacity:0.3;}.kadence-column960_678efb-66{position:relative;}@media all and (max-width: 1024px){.kadence-column960_678efb-66 > .kt-inside-inner-col{flex-direction:column;justify-content:center;}}@media all and (max-width: 767px){.kadence-column960_678efb-66 > .kt-inside-inner-col{flex-direction:column;justify-content:center;}}<\/style>\n<div class=\"wp-block-kadence-column kadence-column960_678efb-66\"><div class=\"kt-inside-inner-col\">\n<p class=\"has-text-align-right\"><br>N\u00e9 en 1975 \u00e0 Bogota (Colombie).<br>Vit et travaille \u00e0 Gen\u00e8ve (Suisse).<br>Membre de l&rsquo;Association C\u00e9ramique Suisse<br>Membre de l&rsquo;Acad\u00e9mie Internationale de C\u00e9ramique<br><a href=\"http:\/\/www.fabienclerc.ch\" target=\"_blank\" rel=\"noopener\">www.fabienclerc.ch<\/a><br><a href=\"http:\/\/www.instagram.com\/fabien_clay\/\" target=\"_blank\" rel=\"noopener\">www.instagram.com\/fabien_clay<\/a><\/p>\n\n\n<style>.wp-block-kadence-advancedheading.kt-adv-heading960_8a3ebd-ab, .wp-block-kadence-advancedheading.kt-adv-heading960_8a3ebd-ab[data-kb-block=\"kb-adv-heading960_8a3ebd-ab\"]{text-align:right;font-style:normal;font-family:var( --global-heading-font-family, inherit );}.wp-block-kadence-advancedheading.kt-adv-heading960_8a3ebd-ab mark.kt-highlight, .wp-block-kadence-advancedheading.kt-adv-heading960_8a3ebd-ab[data-kb-block=\"kb-adv-heading960_8a3ebd-ab\"] mark.kt-highlight{font-style:normal;color:#f76a0c;-webkit-box-decoration-break:clone;box-decoration-break:clone;padding-top:0px;padding-right:0px;padding-bottom:0px;padding-left:0px;}.wp-block-kadence-advancedheading.kt-adv-heading960_8a3ebd-ab img.kb-inline-image, .wp-block-kadence-advancedheading.kt-adv-heading960_8a3ebd-ab[data-kb-block=\"kb-adv-heading960_8a3ebd-ab\"] img.kb-inline-image{width:150px;vertical-align:baseline;}<\/style>\n<p class=\"kt-adv-heading960_8a3ebd-ab wp-block-kadence-advancedheading\" data-kb-block=\"kb-adv-heading960_8a3ebd-ab\">FORMATION<\/p>\n\n\n\n<p class=\"has-text-align-right\">2019 Dipl\u00f4me d\u2019enseignant en branche sp\u00e9cialis\u00e9e, IFFP, Renens<br>2009 D.A.S REALisation, CERCCO, HEAD, Gen\u00e8ve<br>1996 C.F.C de c\u00e9ramiste, \u00c9cole des Arts-D\u00e9coratifs, Gen\u00e8ve<\/p>\n\n\n<style>.wp-block-kadence-advancedheading.kt-adv-heading960_a52b68-b8, .wp-block-kadence-advancedheading.kt-adv-heading960_a52b68-b8[data-kb-block=\"kb-adv-heading960_a52b68-b8\"]{text-align:right;font-style:normal;font-family:var( --global-heading-font-family, inherit );}.wp-block-kadence-advancedheading.kt-adv-heading960_a52b68-b8 mark.kt-highlight, .wp-block-kadence-advancedheading.kt-adv-heading960_a52b68-b8[data-kb-block=\"kb-adv-heading960_a52b68-b8\"] mark.kt-highlight{font-style:normal;color:#f76a0c;-webkit-box-decoration-break:clone;box-decoration-break:clone;padding-top:0px;padding-right:0px;padding-bottom:0px;padding-left:0px;}.wp-block-kadence-advancedheading.kt-adv-heading960_a52b68-b8 img.kb-inline-image, .wp-block-kadence-advancedheading.kt-adv-heading960_a52b68-b8[data-kb-block=\"kb-adv-heading960_a52b68-b8\"] img.kb-inline-image{width:150px;vertical-align:baseline;}<\/style>\n<p class=\"kt-adv-heading960_a52b68-b8 wp-block-kadence-advancedheading\" data-kb-block=\"kb-adv-heading960_a52b68-b8\"><br>EXPOSITIONS<\/p>\n\n\n\n<p class=\"has-text-align-right\">2024 \u00ab\u00a0Stone New Age \u00bb, Halle Nord, Gen\u00e8ve \/\u00ab Migration, une odyss\u00e9e humaine \u00bb, Palais de l&rsquo;Homme, Paris \/ Artgen\u00e8ve, foire d\u2019art contemporain, Gen\u00e8ve.<br>2022 \u00ab Mitacuye Oyasin \u00bb, Gr\u00fctli, Art-Au-Centre, Gen\u00e8ve<br>2021 \u00ab Melting Pot \u00bb, CAC, Yverdon \/ \u00ab Exotic ? \u00bb Palais Rumine, Lausanne.<\/p>\n<\/div><\/div>\n\n\n<style>.kadence-column960_a5ecee-fa > .kt-inside-inner-col,.kadence-column960_a5ecee-fa > .kt-inside-inner-col:before{border-top-left-radius:0px;border-top-right-radius:0px;border-bottom-right-radius:0px;border-bottom-left-radius:0px;}.kadence-column960_a5ecee-fa > .kt-inside-inner-col{column-gap:var(--global-kb-gap-sm, 1rem);}.kadence-column960_a5ecee-fa > .kt-inside-inner-col{flex-direction:column;}.kadence-column960_a5ecee-fa > .kt-inside-inner-col > .aligncenter{width:100%;}.kadence-column960_a5ecee-fa > .kt-inside-inner-col:before{opacity:0.3;}.kadence-column960_a5ecee-fa{position:relative;}@media all and (max-width: 1024px){.kadence-column960_a5ecee-fa > .kt-inside-inner-col{flex-direction:column;justify-content:center;}}@media all and (max-width: 767px){.kadence-column960_a5ecee-fa > .kt-inside-inner-col{flex-direction:column;justify-content:center;}}<\/style>\n<div class=\"wp-block-kadence-column kadence-column960_a5ecee-fa\"><div class=\"kt-inside-inner-col\"><style>.wp-block-kadence-spacer.kt-block-spacer-960_1a999c-6c .kt-block-spacer{height:30px;}.wp-block-kadence-spacer.kt-block-spacer-960_1a999c-6c .kt-divider{border-top-width:5px;height:1px;border-top-color:var(--global-palette3, #1A202C);width:50%;border-top-style:solid;}<\/style>\n<div class=\"wp-block-kadence-spacer aligncenter kt-block-spacer-960_1a999c-6c is-style-default\"><div class=\"kt-block-spacer kt-block-spacer-halign-left\"><hr class=\"kt-divider\" \/><\/div><\/div>\n\n\n\n<p>Fabien Clerc poss\u00e8de une longue exp\u00e9rience dans le domaine de la cr\u00e9ation d\u2019\u00e9v\u00e8nements culturels, il est \u00e9galement impliqu\u00e9 dans la transmission en tant qu\u2019enseignant. Il s\u2019exprime avec logique dans des assemblages h\u00e9t\u00e9roclites, j\u2019en avec des anachronismes et un syncr\u00e9tisme culturel, nourri par diverses r\u00e9sidences \u00e0 l\u2019\u00e9tranger, notamment en Colombie et \u00e0 Ha\u00efti. IAvec le m\u00e9dium c\u00e9ramique, l questionne des notions g\u00e9opolitiques et d\u00e9colonisatrices. l veut faire resurgir des savoirs et des savoir-faire \u00e0 propos du sombre, habituellement perp\u00e9tu\u00e9s par les collectivit\u00e9s anciennes, an\u00e9anties ou marginalis\u00e9es. (&#8230;)<\/p>\n\n\n\n<p style=\"font-size:13px\"><br>Retrouvez l&rsquo;int\u00e9gralit\u00e9 du texte dans le catalogue d&rsquo;exposition 2025<\/p>\n<\/div><\/div>\n\n<\/div><\/div>\n\n<style>.kb-row-layout-id960_e060c3-2b > .kt-row-column-wrap{align-content:start;}:where(.kb-row-layout-id960_e060c3-2b > .kt-row-column-wrap) > .wp-block-kadence-column{justify-content:start;}.kb-row-layout-id960_e060c3-2b > .kt-row-column-wrap{column-gap:var(--global-kb-gap-md, 2rem);row-gap:var(--global-kb-gap-md, 2rem);max-width:var( --global-content-width, 1250px );padding-left:var(--global-content-edge-padding);padding-right:var(--global-content-edge-padding);padding-top:var(--global-kb-spacing-sm, 1.5rem);padding-bottom:var(--global-kb-spacing-sm, 1.5rem);grid-template-columns:minmax(0, 1fr);}.kb-row-layout-id960_e060c3-2b > .kt-row-layout-overlay{opacity:0.30;}@media all and (max-width: 1024px){.kb-row-layout-id960_e060c3-2b > .kt-row-column-wrap{grid-template-columns:minmax(0, 1fr);}}@media all and (max-width: 767px){.kb-row-layout-id960_e060c3-2b > .kt-row-column-wrap{grid-template-columns:minmax(0, 1fr);}}<\/style><div class=\"kb-row-layout-wrap kb-row-layout-id960_e060c3-2b alignnone wp-block-kadence-rowlayout\"><div class=\"kt-row-column-wrap kt-has-1-columns kt-row-layout-equal kt-tab-layout-inherit kt-mobile-layout-row kt-row-valign-top kb-theme-content-width\">\n<style>.kadence-column960_b5921c-b7 > .kt-inside-inner-col,.kadence-column960_b5921c-b7 > .kt-inside-inner-col:before{border-top-left-radius:0px;border-top-right-radius:0px;border-bottom-right-radius:0px;border-bottom-left-radius:0px;}.kadence-column960_b5921c-b7 > .kt-inside-inner-col{column-gap:var(--global-kb-gap-sm, 1rem);}.kadence-column960_b5921c-b7 > .kt-inside-inner-col{flex-direction:column;}.kadence-column960_b5921c-b7 > .kt-inside-inner-col > .aligncenter{width:100%;}.kadence-column960_b5921c-b7 > .kt-inside-inner-col:before{opacity:0.3;}.kadence-column960_b5921c-b7{position:relative;}@media all and (max-width: 1024px){.kadence-column960_b5921c-b7 > .kt-inside-inner-col{flex-direction:column;justify-content:center;}}@media all and (max-width: 767px){.kadence-column960_b5921c-b7 > .kt-inside-inner-col{flex-direction:column;justify-content:center;}}<\/style>\n<div class=\"wp-block-kadence-column kadence-column960_b5921c-b7\"><div class=\"kt-inside-inner-col\"><style>.wp-block-kadence-advancedgallery .kb-gallery-type-masonry.kb-gallery-id-960_4b1ba6-58{margin:-5px;}.kb-gallery-type-masonry.kb-gallery-id-960_4b1ba6-58 .kadence-blocks-gallery-item{padding:5px;}.kb-gallery-id-960_4b1ba6-58 .kadence-blocks-gallery-item .kb-gal-image-radius, .kb-gallery-id-960_4b1ba6-58 .kb-slide-item .kb-gal-image-radius img{border-radius:0px 0px 0px 0px;;}<\/style><div class=\"kb-gallery-wrap-id-960_4b1ba6-58 alignnone wp-block-kadence-advancedgallery\"><ul class=\"kb-gallery-ul kb-gallery-non-static kb-gallery-type-masonry kb-masonry-init kb-gallery-id-960_4b1ba6-58 kb-gallery-caption-style-bottom-hover kb-gallery-filter-none kb-gallery-magnific-init\" data-image-filter=\"none\" data-item-selector=\".kadence-blocks-gallery-item\" data-lightbox-caption=\"false\" data-columns-xxl=\"4\" data-columns-xl=\"4\" data-columns-md=\"4\" data-columns-sm=\"3\" data-columns-xs=\"2\" data-columns-ss=\"2\"><li class=\"kadence-blocks-gallery-item\"><div class=\"kadence-blocks-gallery-item-inner\"><figure class=\"kb-gallery-figure kb-gallery-item-has-link kadence-blocks-gallery-item-hide-caption\"><a href=\"https:\/\/c14paris.com\/wp-content\/uploads\/sites\/9\/2025\/07\/CLERC_fabien_2.jpg\" class=\"kb-gallery-item-link\"   role=\"button\" aria-haspopup=\"dialog\"><div class=\"kb-gal-image-radius\" style=\"max-width:678px;\"><div class=\"kb-gallery-image-contain kadence-blocks-gallery-intrinsic\" style=\"padding-bottom:151%;\"><img loading=\"lazy\" decoding=\"async\" src=\"https:\/\/c14paris.com\/wp-content\/uploads\/sites\/9\/2025\/07\/CLERC_fabien_2-678x1024.jpg\" width=\"678\" height=\"1024\" alt=\"\" data-full-image=\"https:\/\/c14paris.com\/wp-content\/uploads\/sites\/9\/2025\/07\/CLERC_fabien_2.jpg\" data-light-image=\"https:\/\/c14paris.com\/wp-content\/uploads\/sites\/9\/2025\/07\/CLERC_fabien_2.jpg\" data-id=\"252\" class=\"wp-image-252\" srcset=\"https:\/\/c14paris.com\/wp-content\/uploads\/sites\/9\/2025\/07\/CLERC_fabien_2-678x1024.jpg 678w, https:\/\/c14paris.com\/wp-content\/uploads\/sites\/9\/2025\/07\/CLERC_fabien_2-199x300.jpg 199w, https:\/\/c14paris.com\/wp-content\/uploads\/sites\/9\/2025\/07\/CLERC_fabien_2-768x1159.jpg 768w, https:\/\/c14paris.com\/wp-content\/uploads\/sites\/9\/2025\/07\/CLERC_fabien_2-1017x1536.jpg 1017w, https:\/\/c14paris.com\/wp-content\/uploads\/sites\/9\/2025\/07\/CLERC_fabien_2-scaled.jpg 1357w, https:\/\/c14paris.com\/wp-content\/uploads\/sites\/9\/2025\/07\/CLERC_fabien_2-8x12.jpg 8w, https:\/\/c14paris.com\/wp-content\/uploads\/sites\/9\/2025\/07\/CLERC_fabien_2-1200x1812.jpg 1200w\" sizes=\"auto, (max-width: 678px) 100vw, 678px\" \/><\/div><\/div><\/a><\/figure><\/div><\/li><\/ul><\/div><\/div><\/div>\n\n<\/div><\/div>","protected":false},"excerpt":{"rendered":"<p>Born in 1975 in Bogota (Colombia).Lives and works in Geneva (Switzerland). Member of the Swiss Ceramics Association Member of the International Academy of Ceramicswww.fabienclerc.chwww.instagram.com\/fabien_clay EDUCATION 2019 Teaching diploma in a specialized field, IFFP, Renens 2009 D.A.S REALisation, CERCCO, HEAD, Geneva 1996 C.F.C ceramics, School of Decorative Arts, Geneva EXHIBITIONS 2024 \u00abStone New Age,\u00bb Halle Nord, Geneva \/ \u00abMigration, a human odyssey...\"<\/p>","protected":false},"featured_media":252,"parent":0,"template":"","meta":{"_acf_changed":false,"_kad_blocks_custom_css":"","_kad_blocks_head_custom_js":"","_kad_blocks_body_custom_js":"","_kad_blocks_footer_custom_js":"","_kad_post_transparent":"","_kad_post_title":"","_kad_post_layout":"","_kad_post_sidebar_id":"","_kad_post_content_style":"","_kad_post_vertical_padding":"","_kad_post_feature":"","_kad_post_feature_position":"","_kad_post_header":false,"_kad_post_footer":false,"_kad_post_classname":"","footnotes":""},"tags":[17],"class_list":["post-960","artiste","type-artiste","status-publish","has-post-thumbnail","hentry","tag-17"],"acf":[],"taxonomy_info":{"post_tag":[{"value":17,"label":"2025"}]},"featured_image_src_large":["https:\/\/c14paris.com\/wp-content\/uploads\/sites\/9\/2025\/07\/CLERC_fabien_2-678x1024.jpg",678,1024,true],"author_info":[],"comment_info":"","_links":{"self":[{"href":"https:\/\/c14paris.com\/en\/wp-json\/wp\/v2\/artiste\/960","targetHints":{"allow":["GET"]}}],"collection":[{"href":"https:\/\/c14paris.com\/en\/wp-json\/wp\/v2\/artiste"}],"about":[{"href":"https:\/\/c14paris.com\/en\/wp-json\/wp\/v2\/types\/artiste"}],"version-history":[{"count":0,"href":"https:\/\/c14paris.com\/en\/wp-json\/wp\/v2\/artiste\/960\/revisions"}],"wp:featuredmedia":[{"embeddable":true,"href":"https:\/\/c14paris.com\/en\/wp-json\/wp\/v2\/media\/252"}],"wp:attachment":[{"href":"https:\/\/c14paris.com\/en\/wp-json\/wp\/v2\/media?parent=960"}],"wp:term":[{"taxonomy":"post_tag","embeddable":true,"href":"https:\/\/c14paris.com\/en\/wp-json\/wp\/v2\/tags?post=960"}],"curies":[{"name":"wp","href":"https:\/\/api.w.org\/{rel}","templated":true}]}}