{"id":2436,"date":"2026-02-16T13:46:37","date_gmt":"2026-02-16T12:46:37","guid":{"rendered":"https:\/\/c14paris.com\/?post_type=artiste&#038;p=2436"},"modified":"2026-02-16T13:46:38","modified_gmt":"2026-02-16T12:46:38","slug":"anne-france-frere","status":"publish","type":"artiste","link":"https:\/\/c14paris.com\/en\/artiste\/anne-france-frere\/","title":{"rendered":"Anne-France Fr\u00e8re"},"content":{"rendered":"<style>.kb-row-layout-wrap.wp-block-kadence-rowlayout.kb-row-layout-id2436_27a399-2d{margin-top:0px;}.kb-row-layout-id2436_27a399-2d > .kt-row-column-wrap{align-content:start;}:where(.kb-row-layout-id2436_27a399-2d > .kt-row-column-wrap) > .wp-block-kadence-column{justify-content:start;}.kb-row-layout-id2436_27a399-2d > .kt-row-column-wrap{column-gap:var(--global-kb-gap-md, 2rem);row-gap:var(--global-kb-gap-md, 2rem);max-width:var( --global-content-width, 1250px );padding-left:var(--global-content-edge-padding);padding-right:var(--global-content-edge-padding);padding-bottom:var(--global-kb-spacing-sm, 1.5rem);grid-template-columns:repeat(2, minmax(0, 1fr));}.kb-row-layout-id2436_27a399-2d > .kt-row-layout-overlay{opacity:0.30;}@media all and (max-width: 1024px){.kb-row-layout-id2436_27a399-2d > .kt-row-column-wrap{grid-template-columns:repeat(2, minmax(0, 1fr));}}@media all and (max-width: 767px){.kb-row-layout-id2436_27a399-2d > .kt-row-column-wrap{grid-template-columns:minmax(0, 1fr);}}<\/style><div class=\"kb-row-layout-wrap kb-row-layout-id2436_27a399-2d alignnone wp-block-kadence-rowlayout\"><div class=\"kt-row-column-wrap kt-has-2-columns kt-row-layout-equal kt-tab-layout-inherit kt-mobile-layout-row kt-row-valign-top kb-theme-content-width\">\n<style>.kadence-column2436_cde1ad-ea > .kt-inside-inner-col,.kadence-column2436_cde1ad-ea > .kt-inside-inner-col:before{border-top-left-radius:0px;border-top-right-radius:0px;border-bottom-right-radius:0px;border-bottom-left-radius:0px;}.kadence-column2436_cde1ad-ea > .kt-inside-inner-col{column-gap:var(--global-kb-gap-sm, 1rem);}.kadence-column2436_cde1ad-ea > .kt-inside-inner-col{flex-direction:column;}.kadence-column2436_cde1ad-ea > .kt-inside-inner-col > .aligncenter{width:100%;}.kadence-column2436_cde1ad-ea > .kt-inside-inner-col:before{opacity:0.3;}.kadence-column2436_cde1ad-ea{position:relative;}@media all and (max-width: 1024px){.kadence-column2436_cde1ad-ea > .kt-inside-inner-col{flex-direction:column;justify-content:center;}}@media all and (max-width: 767px){.kadence-column2436_cde1ad-ea > .kt-inside-inner-col{flex-direction:column;justify-content:center;}}<\/style>\n<div class=\"wp-block-kadence-column kadence-column2436_cde1ad-ea\"><div class=\"kt-inside-inner-col\">\n<p class=\"has-text-align-right\"><br>N\u00e9e en 1963, vite et travaille \u00e0 Draguignan (Var)<br><a href=\"https:\/\/www.galerie-frere.fr\/\" target=\"_blank\" rel=\"noreferrer noopener\">www.galerie-frere.fr\/<\/a><br><a href=\"https:\/\/www.instagram.com\/annefrancefrere\/\" target=\"_blank\" rel=\"noreferrer noopener\">instagram.com\/annefrancefrere\/<\/a><\/p>\n\n\n<style>.wp-block-kadence-advancedheading.kt-adv-heading2436_ff9fe0-15, .wp-block-kadence-advancedheading.kt-adv-heading2436_ff9fe0-15[data-kb-block=\"kb-adv-heading2436_ff9fe0-15\"]{text-align:right;font-style:normal;font-family:var( --global-heading-font-family, inherit );}.wp-block-kadence-advancedheading.kt-adv-heading2436_ff9fe0-15 mark.kt-highlight, .wp-block-kadence-advancedheading.kt-adv-heading2436_ff9fe0-15[data-kb-block=\"kb-adv-heading2436_ff9fe0-15\"] mark.kt-highlight{font-style:normal;color:#f76a0c;-webkit-box-decoration-break:clone;box-decoration-break:clone;padding-top:0px;padding-right:0px;padding-bottom:0px;padding-left:0px;}.wp-block-kadence-advancedheading.kt-adv-heading2436_ff9fe0-15 img.kb-inline-image, .wp-block-kadence-advancedheading.kt-adv-heading2436_ff9fe0-15[data-kb-block=\"kb-adv-heading2436_ff9fe0-15\"] img.kb-inline-image{width:150px;vertical-align:baseline;}<\/style>\n<p class=\"kt-adv-heading2436_ff9fe0-15 wp-block-kadence-advancedheading\" data-kb-block=\"kb-adv-heading2436_ff9fe0-15\">FORMATION<\/p>\n\n\n\n<p class=\"has-text-align-right\">2022: entre 2014 et 2022\u00a0: apprentissages divers dans les ateliers de Joelle Swanet, David Challier, Tineke Van Gils, Marianne Castelly, Gisele Buthod-Gar\u00e7on, Xavier Durosselle, Karima Duchamp, Th\u00e9r\u00e8se Lebrun, Michel Cohen.<br>2010\u00a0:\u00a0DNSEP Ecole sup\u00e9rieure de Aix en Provence<\/p>\n\n\n<style>.wp-block-kadence-advancedheading.kt-adv-heading2436_900f0a-77, .wp-block-kadence-advancedheading.kt-adv-heading2436_900f0a-77[data-kb-block=\"kb-adv-heading2436_900f0a-77\"]{text-align:right;font-style:normal;font-family:var( --global-heading-font-family, inherit );}.wp-block-kadence-advancedheading.kt-adv-heading2436_900f0a-77 mark.kt-highlight, .wp-block-kadence-advancedheading.kt-adv-heading2436_900f0a-77[data-kb-block=\"kb-adv-heading2436_900f0a-77\"] mark.kt-highlight{font-style:normal;color:#f76a0c;-webkit-box-decoration-break:clone;box-decoration-break:clone;padding-top:0px;padding-right:0px;padding-bottom:0px;padding-left:0px;}.wp-block-kadence-advancedheading.kt-adv-heading2436_900f0a-77 img.kb-inline-image, .wp-block-kadence-advancedheading.kt-adv-heading2436_900f0a-77[data-kb-block=\"kb-adv-heading2436_900f0a-77\"] img.kb-inline-image{width:150px;vertical-align:baseline;}<\/style>\n<p class=\"kt-adv-heading2436_900f0a-77 wp-block-kadence-advancedheading\" data-kb-block=\"kb-adv-heading2436_900f0a-77\"><br>EXPOSITIONS<\/p>\n\n\n\n<p class=\"has-text-align-right\">2022\u00a0:\u00a0Galerie Nadia B, Dieulefit.<br>2022\u00a0:\u00a0<em>Le printemps des potiers<\/em>, Bandol.<br>2021\u00a0:\u00a0<em>Cabinet de curiosit\u00e9s<\/em>, P\u00f4le culturel Chabran, Draguignan.<br>2021\u00a0:\u00a0<em>Doppio<\/em>, artiste et commissaire, Atelier-Galerie Phare Lorgues, Galerie Garage Lorgues, Galerie le Hangart, Draguignan.<br>2021\u00a0: Biennale de la c\u00e9ramique de Dieulefit.<\/p>\n<\/div><\/div>\n\n\n<style>.kadence-column2436_2ee9e4-0e > .kt-inside-inner-col,.kadence-column2436_2ee9e4-0e > .kt-inside-inner-col:before{border-top-left-radius:0px;border-top-right-radius:0px;border-bottom-right-radius:0px;border-bottom-left-radius:0px;}.kadence-column2436_2ee9e4-0e > .kt-inside-inner-col{column-gap:var(--global-kb-gap-sm, 1rem);}.kadence-column2436_2ee9e4-0e > .kt-inside-inner-col{flex-direction:column;}.kadence-column2436_2ee9e4-0e > .kt-inside-inner-col > .aligncenter{width:100%;}.kadence-column2436_2ee9e4-0e > .kt-inside-inner-col:before{opacity:0.3;}.kadence-column2436_2ee9e4-0e{position:relative;}@media all and (max-width: 1024px){.kadence-column2436_2ee9e4-0e > .kt-inside-inner-col{flex-direction:column;justify-content:center;}}@media all and (max-width: 767px){.kadence-column2436_2ee9e4-0e > .kt-inside-inner-col{flex-direction:column;justify-content:center;}}<\/style>\n<div class=\"wp-block-kadence-column kadence-column2436_2ee9e4-0e\"><div class=\"kt-inside-inner-col\"><style>.wp-block-kadence-spacer.kt-block-spacer-2436_3d4f00-35 .kt-block-spacer{height:30px;}.wp-block-kadence-spacer.kt-block-spacer-2436_3d4f00-35 .kt-divider{border-top-width:5px;height:1px;border-top-color:var(--global-palette3, #1A202C);width:50%;border-top-style:solid;}<\/style>\n<div class=\"wp-block-kadence-spacer aligncenter kt-block-spacer-2436_3d4f00-35 is-style-default\"><div class=\"kt-block-spacer kt-block-spacer-halign-left\"><hr class=\"kt-divider\" \/><\/div><\/div>\n\n\n\n<p>Chez Anne-France Fr\u00e8re, la couleur \u00e9maill\u00e9e \u2013 qui joue ici comme un maquillage \u2013 ne suffit pas \u00e0 camoufler les profondes inqui\u00e9tudes qui l\u2019habitent et qui nourrissent son propos. Globalement \u00e0 consonance \u00e9cologique, ses \u0153uvres t\u00e9moignent de deux obsessions majeures, l\u2019une porte sur le climat, la p\u00e9nurie ou la surabondance en eau (en m\u00e9moire des inondations traumatiques intervenues ces derni\u00e8res ann\u00e9es dans la r\u00e9gion de Draguignan), l\u2019autre, intitul\u00e9e \u00ab\u00a0Architectures inutiles\u00a0\u00bb\u00a0\u00a0traite de la b\u00e9tonisation gratuite des espaces naturels (\u2026)<\/p>\n\n\n\n<p style=\"font-size:13px\"><br>Retrouvez l&rsquo;int\u00e9gralit\u00e9 du texte dans le catalogue d&rsquo;exposition 2023<\/p>\n<\/div><\/div>\n\n<\/div><\/div>\n\n<style>.kb-row-layout-id2436_057367-f6 > .kt-row-column-wrap{align-content:start;}:where(.kb-row-layout-id2436_057367-f6 > .kt-row-column-wrap) > .wp-block-kadence-column{justify-content:start;}.kb-row-layout-id2436_057367-f6 > .kt-row-column-wrap{column-gap:var(--global-kb-gap-md, 2rem);row-gap:var(--global-kb-gap-md, 2rem);max-width:var( --global-content-width, 1250px );padding-left:var(--global-content-edge-padding);padding-right:var(--global-content-edge-padding);padding-top:var(--global-kb-spacing-sm, 1.5rem);padding-bottom:var(--global-kb-spacing-sm, 1.5rem);grid-template-columns:minmax(0, 1fr);}.kb-row-layout-id2436_057367-f6 > .kt-row-layout-overlay{opacity:0.30;}@media all and (max-width: 1024px){.kb-row-layout-id2436_057367-f6 > .kt-row-column-wrap{grid-template-columns:minmax(0, 1fr);}}@media all and (max-width: 767px){.kb-row-layout-id2436_057367-f6 > .kt-row-column-wrap{grid-template-columns:minmax(0, 1fr);}}<\/style><div class=\"kb-row-layout-wrap kb-row-layout-id2436_057367-f6 alignnone wp-block-kadence-rowlayout\"><div class=\"kt-row-column-wrap kt-has-1-columns kt-row-layout-equal kt-tab-layout-inherit kt-mobile-layout-row kt-row-valign-top kb-theme-content-width\">\n<style>.kadence-column2436_60bd0c-e1 > .kt-inside-inner-col,.kadence-column2436_60bd0c-e1 > .kt-inside-inner-col:before{border-top-left-radius:0px;border-top-right-radius:0px;border-bottom-right-radius:0px;border-bottom-left-radius:0px;}.kadence-column2436_60bd0c-e1 > .kt-inside-inner-col{column-gap:var(--global-kb-gap-sm, 1rem);}.kadence-column2436_60bd0c-e1 > .kt-inside-inner-col{flex-direction:column;}.kadence-column2436_60bd0c-e1 > .kt-inside-inner-col > .aligncenter{width:100%;}.kadence-column2436_60bd0c-e1 > .kt-inside-inner-col:before{opacity:0.3;}.kadence-column2436_60bd0c-e1{position:relative;}@media all and (max-width: 1024px){.kadence-column2436_60bd0c-e1 > .kt-inside-inner-col{flex-direction:column;justify-content:center;}}@media all and (max-width: 767px){.kadence-column2436_60bd0c-e1 > .kt-inside-inner-col{flex-direction:column;justify-content:center;}}<\/style>\n<div class=\"wp-block-kadence-column kadence-column2436_60bd0c-e1\"><div class=\"kt-inside-inner-col\"><style>.wp-block-kadence-advancedgallery .kb-gallery-type-masonry.kb-gallery-id-2436_7087af-e8{margin:-5px;}.kb-gallery-type-masonry.kb-gallery-id-2436_7087af-e8 .kadence-blocks-gallery-item{padding:5px;}.kb-gallery-id-2436_7087af-e8 .kadence-blocks-gallery-item .kb-gal-image-radius, .kb-gallery-id-2436_7087af-e8 .kb-slide-item .kb-gal-image-radius img{border-radius:0px 0px 0px 0px;;}<\/style><div class=\"kb-gallery-wrap-id-2436_7087af-e8 alignnone wp-block-kadence-advancedgallery\"><ul class=\"kb-gallery-ul kb-gallery-non-static kb-gallery-type-masonry kb-masonry-init kb-gallery-id-2436_7087af-e8 kb-gallery-caption-style-bottom-hover kb-gallery-filter-none kb-gallery-magnific-init\" data-image-filter=\"none\" data-item-selector=\".kadence-blocks-gallery-item\" data-lightbox-caption=\"false\" data-columns-xxl=\"4\" data-columns-xl=\"4\" data-columns-md=\"4\" data-columns-sm=\"3\" data-columns-xs=\"2\" data-columns-ss=\"2\"><li class=\"kadence-blocks-gallery-item\"><div class=\"kadence-blocks-gallery-item-inner\"><figure class=\"kb-gallery-figure kb-gallery-item-has-link kadence-blocks-gallery-item-hide-caption\"><a href=\"https:\/\/c14paris.com\/wp-content\/uploads\/sites\/9\/2025\/07\/0000s_0021_frere_anne_france.jpg\" class=\"kb-gallery-item-link\"   role=\"button\" aria-haspopup=\"dialog\"><div class=\"kb-gal-image-radius\" style=\"max-width:678px;\"><div class=\"kb-gallery-image-contain kadence-blocks-gallery-intrinsic\" style=\"padding-bottom:151%;\"><img loading=\"lazy\" decoding=\"async\" src=\"https:\/\/c14paris.com\/wp-content\/uploads\/sites\/9\/2025\/07\/0000s_0021_frere_anne_france-678x1024.jpg\" width=\"678\" height=\"1024\" alt=\"\" data-full-image=\"https:\/\/c14paris.com\/wp-content\/uploads\/sites\/9\/2025\/07\/0000s_0021_frere_anne_france.jpg\" data-light-image=\"https:\/\/c14paris.com\/wp-content\/uploads\/sites\/9\/2025\/07\/0000s_0021_frere_anne_france.jpg\" data-id=\"792\" class=\"wp-image-792\" srcset=\"https:\/\/c14paris.com\/wp-content\/uploads\/sites\/9\/2025\/07\/0000s_0021_frere_anne_france-678x1024.jpg 678w, https:\/\/c14paris.com\/wp-content\/uploads\/sites\/9\/2025\/07\/0000s_0021_frere_anne_france-199x300.jpg 199w, https:\/\/c14paris.com\/wp-content\/uploads\/sites\/9\/2025\/07\/0000s_0021_frere_anne_france-768x1159.jpg 768w, https:\/\/c14paris.com\/wp-content\/uploads\/sites\/9\/2025\/07\/0000s_0021_frere_anne_france-1018x1536.jpg 1018w, https:\/\/c14paris.com\/wp-content\/uploads\/sites\/9\/2025\/07\/0000s_0021_frere_anne_france.jpg 1357w, https:\/\/c14paris.com\/wp-content\/uploads\/sites\/9\/2025\/07\/0000s_0021_frere_anne_france-8x12.jpg 8w, https:\/\/c14paris.com\/wp-content\/uploads\/sites\/9\/2025\/07\/0000s_0021_frere_anne_france-1200x1811.jpg 1200w\" sizes=\"auto, (max-width: 678px) 100vw, 678px\" \/><\/div><\/div><\/a><\/figure><\/div><\/li><li class=\"kadence-blocks-gallery-item\"><div class=\"kadence-blocks-gallery-item-inner\"><figure class=\"kb-gallery-figure kb-gallery-item-has-link kadence-blocks-gallery-item-hide-caption\"><a href=\"https:\/\/c14paris.com\/wp-content\/uploads\/sites\/9\/2025\/07\/frere_C14_2023_7764.jpeg\" class=\"kb-gallery-item-link\"   role=\"button\" aria-haspopup=\"dialog\"><div class=\"kb-gal-image-radius\" style=\"max-width:683px;\"><div class=\"kb-gallery-image-contain kadence-blocks-gallery-intrinsic\" style=\"padding-bottom:149%;\"><img loading=\"lazy\" decoding=\"async\" src=\"https:\/\/c14paris.com\/wp-content\/uploads\/sites\/9\/2025\/07\/frere_C14_2023_7764-683x1024.jpeg\" width=\"683\" height=\"1024\" alt=\"\" data-full-image=\"https:\/\/c14paris.com\/wp-content\/uploads\/sites\/9\/2025\/07\/frere_C14_2023_7764.jpeg\" data-light-image=\"https:\/\/c14paris.com\/wp-content\/uploads\/sites\/9\/2025\/07\/frere_C14_2023_7764.jpeg\" data-id=\"394\" class=\"wp-image-394\" srcset=\"https:\/\/c14paris.com\/wp-content\/uploads\/sites\/9\/2025\/07\/frere_C14_2023_7764-683x1024.jpeg 683w, https:\/\/c14paris.com\/wp-content\/uploads\/sites\/9\/2025\/07\/frere_C14_2023_7764-200x300.jpeg 200w, https:\/\/c14paris.com\/wp-content\/uploads\/sites\/9\/2025\/07\/frere_C14_2023_7764-768x1152.jpeg 768w, https:\/\/c14paris.com\/wp-content\/uploads\/sites\/9\/2025\/07\/frere_C14_2023_7764-8x12.jpeg 8w, https:\/\/c14paris.com\/wp-content\/uploads\/sites\/9\/2025\/07\/frere_C14_2023_7764.jpeg 1000w\" sizes=\"auto, (max-width: 683px) 100vw, 683px\" \/><\/div><\/div><\/a><\/figure><\/div><\/li><\/ul><\/div><\/div><\/div>\n\n<\/div><\/div>","protected":false},"excerpt":{"rendered":"<p>Born in 1963, lives and works in Draguignan (Var)www.galerie-frere.fr\/instagram.com\/annefrancefrere\/ TRAINING 2022: between 2014 and 2022: various apprenticeships in the studios of Joelle Swanet, David Challier, Tineke Van Gils, Marianne Castelly, Gisele Buthod-Gar\u00e7on, Xavier Durosselle, Karima Duchamp, Th\u00e9r\u00e8se Lebrun, Michel Cohen.2010: DNSEP Ecole sup\u00e9rieure de Aix en Provence EXHIBITIONS 2022: Galerie Nadia B, Dieulefit.2022 : Le printemps des potiers, Bandol.2021 : Cabinet...<\/p>","protected":false},"featured_media":792,"parent":0,"template":"","meta":{"_acf_changed":false,"_kad_blocks_custom_css":"","_kad_blocks_head_custom_js":"","_kad_blocks_body_custom_js":"","_kad_blocks_footer_custom_js":"","_kad_post_transparent":"","_kad_post_title":"","_kad_post_layout":"","_kad_post_sidebar_id":"","_kad_post_content_style":"","_kad_post_vertical_padding":"","_kad_post_feature":"","_kad_post_feature_position":"","_kad_post_header":false,"_kad_post_footer":false,"_kad_post_classname":"","footnotes":""},"tags":[19],"class_list":["post-2436","artiste","type-artiste","status-publish","has-post-thumbnail","hentry","tag-19"],"acf":[],"taxonomy_info":{"post_tag":[{"value":19,"label":"2023"}]},"featured_image_src_large":["https:\/\/c14paris.com\/wp-content\/uploads\/sites\/9\/2025\/07\/0000s_0021_frere_anne_france-678x1024.jpg",678,1024,true],"author_info":[],"comment_info":"","_links":{"self":[{"href":"https:\/\/c14paris.com\/en\/wp-json\/wp\/v2\/artiste\/2436","targetHints":{"allow":["GET"]}}],"collection":[{"href":"https:\/\/c14paris.com\/en\/wp-json\/wp\/v2\/artiste"}],"about":[{"href":"https:\/\/c14paris.com\/en\/wp-json\/wp\/v2\/types\/artiste"}],"version-history":[{"count":0,"href":"https:\/\/c14paris.com\/en\/wp-json\/wp\/v2\/artiste\/2436\/revisions"}],"wp:featuredmedia":[{"embeddable":true,"href":"https:\/\/c14paris.com\/en\/wp-json\/wp\/v2\/media\/792"}],"wp:attachment":[{"href":"https:\/\/c14paris.com\/en\/wp-json\/wp\/v2\/media?parent=2436"}],"wp:term":[{"taxonomy":"post_tag","embeddable":true,"href":"https:\/\/c14paris.com\/en\/wp-json\/wp\/v2\/tags?post=2436"}],"curies":[{"name":"wp","href":"https:\/\/api.w.org\/{rel}","templated":true}]}}