{"id":2403,"date":"2026-02-16T10:36:52","date_gmt":"2026-02-16T09:36:52","guid":{"rendered":"https:\/\/c14paris.com\/?post_type=artiste&#038;p=2403"},"modified":"2026-02-16T10:36:52","modified_gmt":"2026-02-16T09:36:52","slug":"atelier-claudia-biehne-stefan-passig","status":"publish","type":"artiste","link":"https:\/\/c14paris.com\/en\/artiste\/atelier-claudia-biehne-stefan-passig\/","title":{"rendered":"Atelier Claudia Biehne &amp; Stefan Passig"},"content":{"rendered":"<style>.kb-row-layout-wrap.wp-block-kadence-rowlayout.kb-row-layout-id2403_928dba-36{margin-top:0px;}.kb-row-layout-id2403_928dba-36 > .kt-row-column-wrap{align-content:start;}:where(.kb-row-layout-id2403_928dba-36 > .kt-row-column-wrap) > .wp-block-kadence-column{justify-content:start;}.kb-row-layout-id2403_928dba-36 > .kt-row-column-wrap{column-gap:var(--global-kb-gap-md, 2rem);row-gap:var(--global-kb-gap-md, 2rem);max-width:var( --global-content-width, 1250px );padding-left:var(--global-content-edge-padding);padding-right:var(--global-content-edge-padding);padding-bottom:var(--global-kb-spacing-sm, 1.5rem);grid-template-columns:repeat(2, minmax(0, 1fr));}.kb-row-layout-id2403_928dba-36 > .kt-row-layout-overlay{opacity:0.30;}@media all and (max-width: 1024px){.kb-row-layout-id2403_928dba-36 > .kt-row-column-wrap{grid-template-columns:repeat(2, minmax(0, 1fr));}}@media all and (max-width: 767px){.kb-row-layout-id2403_928dba-36 > .kt-row-column-wrap{grid-template-columns:minmax(0, 1fr);}}<\/style><div class=\"kb-row-layout-wrap kb-row-layout-id2403_928dba-36 alignnone wp-block-kadence-rowlayout\"><div class=\"kt-row-column-wrap kt-has-2-columns kt-row-layout-equal kt-tab-layout-inherit kt-mobile-layout-row kt-row-valign-top kb-theme-content-width\">\n<style>.kadence-column2403_d1463f-22 > .kt-inside-inner-col,.kadence-column2403_d1463f-22 > .kt-inside-inner-col:before{border-top-left-radius:0px;border-top-right-radius:0px;border-bottom-right-radius:0px;border-bottom-left-radius:0px;}.kadence-column2403_d1463f-22 > .kt-inside-inner-col{column-gap:var(--global-kb-gap-sm, 1rem);}.kadence-column2403_d1463f-22 > .kt-inside-inner-col{flex-direction:column;}.kadence-column2403_d1463f-22 > .kt-inside-inner-col > .aligncenter{width:100%;}.kadence-column2403_d1463f-22 > .kt-inside-inner-col:before{opacity:0.3;}.kadence-column2403_d1463f-22{position:relative;}@media all and (max-width: 1024px){.kadence-column2403_d1463f-22 > .kt-inside-inner-col{flex-direction:column;justify-content:center;}}@media all and (max-width: 767px){.kadence-column2403_d1463f-22 > .kt-inside-inner-col{flex-direction:column;justify-content:center;}}<\/style>\n<div class=\"wp-block-kadence-column kadence-column2403_d1463f-22\"><div class=\"kt-inside-inner-col\">\n<p class=\"has-text-align-right\"><br>N\u00e9e en 1974 \u00e0 Leipzig<br>N\u00e9 en 1971 \u00e0 Bernburg<br><a href=\"https:\/\/www.instagram.com\/biehne_porzellan\" target=\"_blank\" rel=\"noopener\">instagram.com\/biehne_porzellan\/<\/a><br><a href=\"http:\/\/www.biehne-porzellan.de\/\" target=\"_blank\" rel=\"noopener\">www.biehne-porzellan.de\/<\/a><\/p>\n\n\n<style>.wp-block-kadence-advancedheading.kt-adv-heading2403_440897-f1, .wp-block-kadence-advancedheading.kt-adv-heading2403_440897-f1[data-kb-block=\"kb-adv-heading2403_440897-f1\"]{text-align:right;font-style:normal;font-family:var( --global-heading-font-family, inherit );}.wp-block-kadence-advancedheading.kt-adv-heading2403_440897-f1 mark.kt-highlight, .wp-block-kadence-advancedheading.kt-adv-heading2403_440897-f1[data-kb-block=\"kb-adv-heading2403_440897-f1\"] mark.kt-highlight{font-style:normal;color:#f76a0c;-webkit-box-decoration-break:clone;box-decoration-break:clone;padding-top:0px;padding-right:0px;padding-bottom:0px;padding-left:0px;}.wp-block-kadence-advancedheading.kt-adv-heading2403_440897-f1 img.kb-inline-image, .wp-block-kadence-advancedheading.kt-adv-heading2403_440897-f1[data-kb-block=\"kb-adv-heading2403_440897-f1\"] img.kb-inline-image{width:150px;vertical-align:baseline;}<\/style>\n<p class=\"kt-adv-heading2403_440897-f1 wp-block-kadence-advancedheading\" data-kb-block=\"kb-adv-heading2403_440897-f1\">FORMATION<\/p>\n\n\n\n<p class=\"has-text-align-right\">Claudia Biehne<br>1996-2003 : University studies at Burg Giebichenstein \u2013 University of Art and Design Halle \u2013 at the \u00c9cole des Beaux Arts in Luxembourg, at the Academy of Fine Arts in Prague, as well as at the University of Art and Design Helsinki; diploma and postgraduate course at Burg Giebichenstein<br>2015:&nbsp; member of AIC<\/p>\n\n\n\n<p class=\"has-text-align-right\">Stefan Passig&nbsp;<br>2000-2007: Fine arts at the HGB Leipzig \u2013 Zurich University of Art and Design.<\/p>\n\n\n<style>.wp-block-kadence-advancedheading.kt-adv-heading2403_c6eb0e-45, .wp-block-kadence-advancedheading.kt-adv-heading2403_c6eb0e-45[data-kb-block=\"kb-adv-heading2403_c6eb0e-45\"]{text-align:right;font-style:normal;font-family:var( --global-heading-font-family, inherit );}.wp-block-kadence-advancedheading.kt-adv-heading2403_c6eb0e-45 mark.kt-highlight, .wp-block-kadence-advancedheading.kt-adv-heading2403_c6eb0e-45[data-kb-block=\"kb-adv-heading2403_c6eb0e-45\"] mark.kt-highlight{font-style:normal;color:#f76a0c;-webkit-box-decoration-break:clone;box-decoration-break:clone;padding-top:0px;padding-right:0px;padding-bottom:0px;padding-left:0px;}.wp-block-kadence-advancedheading.kt-adv-heading2403_c6eb0e-45 img.kb-inline-image, .wp-block-kadence-advancedheading.kt-adv-heading2403_c6eb0e-45[data-kb-block=\"kb-adv-heading2403_c6eb0e-45\"] img.kb-inline-image{width:150px;vertical-align:baseline;}<\/style>\n<p class=\"kt-adv-heading2403_c6eb0e-45 wp-block-kadence-advancedheading\" data-kb-block=\"kb-adv-heading2403_c6eb0e-45\"><br>EXPOSITIONS<\/p>\n\n\n\n<p class=\"has-text-align-right\">2023: MINO, Tajimi, Gifu (JP) \u2013 Homo Faber, Fondazione Giorgio Cini, Venice (IT)<br>2020: Membres AIC, Taipei (TW)<br>2018 :&nbsp;<em>De Mains De Ma\u00eetres<\/em>, Luxembourg \u2013 Salon Revelations, Grand Palais, Paris (FR) \u2013&nbsp;<em>An Ordinary Spring<\/em>, Shanghai Wutong Art Museum (CN).<\/p>\n<\/div><\/div>\n\n\n<style>.kadence-column2403_7d9092-70 > .kt-inside-inner-col,.kadence-column2403_7d9092-70 > .kt-inside-inner-col:before{border-top-left-radius:0px;border-top-right-radius:0px;border-bottom-right-radius:0px;border-bottom-left-radius:0px;}.kadence-column2403_7d9092-70 > .kt-inside-inner-col{column-gap:var(--global-kb-gap-sm, 1rem);}.kadence-column2403_7d9092-70 > .kt-inside-inner-col{flex-direction:column;}.kadence-column2403_7d9092-70 > .kt-inside-inner-col > .aligncenter{width:100%;}.kadence-column2403_7d9092-70 > .kt-inside-inner-col:before{opacity:0.3;}.kadence-column2403_7d9092-70{position:relative;}@media all and (max-width: 1024px){.kadence-column2403_7d9092-70 > .kt-inside-inner-col{flex-direction:column;justify-content:center;}}@media all and (max-width: 767px){.kadence-column2403_7d9092-70 > .kt-inside-inner-col{flex-direction:column;justify-content:center;}}<\/style>\n<div class=\"wp-block-kadence-column kadence-column2403_7d9092-70\"><div class=\"kt-inside-inner-col\"><style>.wp-block-kadence-spacer.kt-block-spacer-2403_b4ad49-90 .kt-block-spacer{height:30px;}.wp-block-kadence-spacer.kt-block-spacer-2403_b4ad49-90 .kt-divider{border-top-width:5px;height:1px;border-top-color:var(--global-palette3, #1A202C);width:50%;border-top-style:solid;}<\/style>\n<div class=\"wp-block-kadence-spacer aligncenter kt-block-spacer-2403_b4ad49-90 is-style-default\"><div class=\"kt-block-spacer kt-block-spacer-halign-left\"><hr class=\"kt-divider\" \/><\/div><\/div>\n\n\n\n<p>Le duo constitu\u00e9 par Claudia Biehne et Stefan Passig propose un ensemble de trois pi\u00e8ces sur le th\u00e8me de la force de la nature et l\u2019anthropoc\u00e8ne. Poursuivant depuis de nombreuses ann\u00e9es un travail exp\u00e9rimental sur la transformation de la porcelaine, les artistes cherchent \u00e0 repousser les fronti\u00e8res. Accentuant le retrait brutal de certaines couvertes, recherchant le souvenir d\u2019\u00e9l\u00e9ments naturels (fleurs, fruits ak\u00e8nes\u2026) appliqu\u00e9s avant cuisson dans la masse de la porcelaine ou menant des recherches chromatiques aux cons\u00e9quences expressionnistes, les artistes ont ouvert un champ conceptuel original. (\u2026)<\/p>\n\n\n\n<p style=\"font-size:13px\"><br>Retrouvez l&rsquo;int\u00e9gralit\u00e9 du texte dans le catalogue d&rsquo;exposition 2023<\/p>\n<\/div><\/div>\n\n<\/div><\/div>\n\n<style>.kb-row-layout-id2403_3513a2-da > .kt-row-column-wrap{align-content:start;}:where(.kb-row-layout-id2403_3513a2-da > .kt-row-column-wrap) > .wp-block-kadence-column{justify-content:start;}.kb-row-layout-id2403_3513a2-da > .kt-row-column-wrap{column-gap:var(--global-kb-gap-md, 2rem);row-gap:var(--global-kb-gap-md, 2rem);max-width:var( --global-content-width, 1250px );padding-left:var(--global-content-edge-padding);padding-right:var(--global-content-edge-padding);padding-top:var(--global-kb-spacing-sm, 1.5rem);padding-bottom:var(--global-kb-spacing-sm, 1.5rem);grid-template-columns:minmax(0, 1fr);}.kb-row-layout-id2403_3513a2-da > .kt-row-layout-overlay{opacity:0.30;}@media all and (max-width: 1024px){.kb-row-layout-id2403_3513a2-da > .kt-row-column-wrap{grid-template-columns:minmax(0, 1fr);}}@media all and (max-width: 767px){.kb-row-layout-id2403_3513a2-da > .kt-row-column-wrap{grid-template-columns:minmax(0, 1fr);}}<\/style><div class=\"kb-row-layout-wrap kb-row-layout-id2403_3513a2-da alignnone wp-block-kadence-rowlayout\"><div class=\"kt-row-column-wrap kt-has-1-columns kt-row-layout-equal kt-tab-layout-inherit kt-mobile-layout-row kt-row-valign-top kb-theme-content-width\">\n<style>.kadence-column2403_27a19b-7f > .kt-inside-inner-col,.kadence-column2403_27a19b-7f > .kt-inside-inner-col:before{border-top-left-radius:0px;border-top-right-radius:0px;border-bottom-right-radius:0px;border-bottom-left-radius:0px;}.kadence-column2403_27a19b-7f > .kt-inside-inner-col{column-gap:var(--global-kb-gap-sm, 1rem);}.kadence-column2403_27a19b-7f > .kt-inside-inner-col{flex-direction:column;}.kadence-column2403_27a19b-7f > .kt-inside-inner-col > .aligncenter{width:100%;}.kadence-column2403_27a19b-7f > .kt-inside-inner-col:before{opacity:0.3;}.kadence-column2403_27a19b-7f{position:relative;}@media all and (max-width: 1024px){.kadence-column2403_27a19b-7f > .kt-inside-inner-col{flex-direction:column;justify-content:center;}}@media all and (max-width: 767px){.kadence-column2403_27a19b-7f > .kt-inside-inner-col{flex-direction:column;justify-content:center;}}<\/style>\n<div class=\"wp-block-kadence-column kadence-column2403_27a19b-7f\"><div class=\"kt-inside-inner-col\"><style>.wp-block-kadence-advancedgallery .kb-gallery-type-masonry.kb-gallery-id-2403_31115f-31{margin:-5px;}.kb-gallery-type-masonry.kb-gallery-id-2403_31115f-31 .kadence-blocks-gallery-item{padding:5px;}.kb-gallery-id-2403_31115f-31 .kadence-blocks-gallery-item .kb-gal-image-radius, .kb-gallery-id-2403_31115f-31 .kb-slide-item .kb-gal-image-radius img{border-radius:0px 0px 0px 0px;;}<\/style><div class=\"kb-gallery-wrap-id-2403_31115f-31 alignnone wp-block-kadence-advancedgallery\"><ul class=\"kb-gallery-ul kb-gallery-non-static kb-gallery-type-masonry kb-masonry-init kb-gallery-id-2403_31115f-31 kb-gallery-caption-style-bottom-hover kb-gallery-filter-none kb-gallery-magnific-init\" data-image-filter=\"none\" data-item-selector=\".kadence-blocks-gallery-item\" data-lightbox-caption=\"false\" data-columns-xxl=\"4\" data-columns-xl=\"4\" data-columns-md=\"4\" data-columns-sm=\"3\" data-columns-xs=\"2\" data-columns-ss=\"2\"><li class=\"kadence-blocks-gallery-item\"><div class=\"kadence-blocks-gallery-item-inner\"><figure class=\"kb-gallery-figure kb-gallery-item-has-link kadence-blocks-gallery-item-hide-caption\"><a href=\"https:\/\/c14paris.com\/wp-content\/uploads\/sites\/9\/2025\/07\/0000s_0028_biehne_claudia__passig_stefan-copie.jpg\" class=\"kb-gallery-item-link\"   role=\"button\" aria-haspopup=\"dialog\"><div class=\"kb-gal-image-radius\" style=\"max-width:678px;\"><div class=\"kb-gallery-image-contain kadence-blocks-gallery-intrinsic\" style=\"padding-bottom:151%;\"><img loading=\"lazy\" decoding=\"async\" src=\"https:\/\/c14paris.com\/wp-content\/uploads\/sites\/9\/2025\/07\/0000s_0028_biehne_claudia__passig_stefan-copie-678x1024.jpg\" width=\"678\" height=\"1024\" alt=\"\" data-full-image=\"https:\/\/c14paris.com\/wp-content\/uploads\/sites\/9\/2025\/07\/0000s_0028_biehne_claudia__passig_stefan-copie.jpg\" data-light-image=\"https:\/\/c14paris.com\/wp-content\/uploads\/sites\/9\/2025\/07\/0000s_0028_biehne_claudia__passig_stefan-copie.jpg\" data-id=\"805\" class=\"wp-image-805\" srcset=\"https:\/\/c14paris.com\/wp-content\/uploads\/sites\/9\/2025\/07\/0000s_0028_biehne_claudia__passig_stefan-copie-678x1024.jpg 678w, https:\/\/c14paris.com\/wp-content\/uploads\/sites\/9\/2025\/07\/0000s_0028_biehne_claudia__passig_stefan-copie-199x300.jpg 199w, https:\/\/c14paris.com\/wp-content\/uploads\/sites\/9\/2025\/07\/0000s_0028_biehne_claudia__passig_stefan-copie-768x1159.jpg 768w, https:\/\/c14paris.com\/wp-content\/uploads\/sites\/9\/2025\/07\/0000s_0028_biehne_claudia__passig_stefan-copie-1018x1536.jpg 1018w, https:\/\/c14paris.com\/wp-content\/uploads\/sites\/9\/2025\/07\/0000s_0028_biehne_claudia__passig_stefan-copie.jpg 1357w, https:\/\/c14paris.com\/wp-content\/uploads\/sites\/9\/2025\/07\/0000s_0028_biehne_claudia__passig_stefan-copie-8x12.jpg 8w, https:\/\/c14paris.com\/wp-content\/uploads\/sites\/9\/2025\/07\/0000s_0028_biehne_claudia__passig_stefan-copie-1200x1811.jpg 1200w\" sizes=\"auto, (max-width: 678px) 100vw, 678px\" \/><\/div><\/div><\/a><\/figure><\/div><\/li><\/ul><\/div><\/div><\/div>\n\n<\/div><\/div>","protected":false},"excerpt":{"rendered":"<p>Born 1974 in LeipzigBorn 1971 in Bernburginstagram.com\/biehne_porzellan\/www.biehne-porzellan.de\/ EDUCATION Claudia Biehne1996-2003 : University studies at Burg Giebichenstein - University of Art and Design Halle - at the \u00c9cole des Beaux Arts in Luxembourg, at the Academy of Fine Arts in Prague, as well as at the University of Art and Design Helsinki; diploma and...<\/p>","protected":false},"featured_media":805,"parent":0,"template":"","meta":{"_acf_changed":false,"_kad_blocks_custom_css":"","_kad_blocks_head_custom_js":"","_kad_blocks_body_custom_js":"","_kad_blocks_footer_custom_js":"","_kad_post_transparent":"","_kad_post_title":"","_kad_post_layout":"","_kad_post_sidebar_id":"","_kad_post_content_style":"","_kad_post_vertical_padding":"","_kad_post_feature":"","_kad_post_feature_position":"","_kad_post_header":false,"_kad_post_footer":false,"_kad_post_classname":"","footnotes":""},"tags":[19],"class_list":["post-2403","artiste","type-artiste","status-publish","has-post-thumbnail","hentry","tag-19"],"acf":[],"taxonomy_info":{"post_tag":[{"value":19,"label":"2023"}]},"featured_image_src_large":["https:\/\/c14paris.com\/wp-content\/uploads\/sites\/9\/2025\/07\/0000s_0028_biehne_claudia__passig_stefan-copie-678x1024.jpg",678,1024,true],"author_info":[],"comment_info":"","_links":{"self":[{"href":"https:\/\/c14paris.com\/en\/wp-json\/wp\/v2\/artiste\/2403","targetHints":{"allow":["GET"]}}],"collection":[{"href":"https:\/\/c14paris.com\/en\/wp-json\/wp\/v2\/artiste"}],"about":[{"href":"https:\/\/c14paris.com\/en\/wp-json\/wp\/v2\/types\/artiste"}],"version-history":[{"count":0,"href":"https:\/\/c14paris.com\/en\/wp-json\/wp\/v2\/artiste\/2403\/revisions"}],"wp:featuredmedia":[{"embeddable":true,"href":"https:\/\/c14paris.com\/en\/wp-json\/wp\/v2\/media\/805"}],"wp:attachment":[{"href":"https:\/\/c14paris.com\/en\/wp-json\/wp\/v2\/media?parent=2403"}],"wp:term":[{"taxonomy":"post_tag","embeddable":true,"href":"https:\/\/c14paris.com\/en\/wp-json\/wp\/v2\/tags?post=2403"}],"curies":[{"name":"wp","href":"https:\/\/api.w.org\/{rel}","templated":true}]}}