{"id":2334,"date":"2026-01-06T10:22:38","date_gmt":"2026-01-06T09:22:38","guid":{"rendered":"https:\/\/c14paris.com\/?post_type=artiste&#038;p=2334"},"modified":"2026-01-06T10:22:38","modified_gmt":"2026-01-06T09:22:38","slug":"quentin-marais","status":"publish","type":"artiste","link":"https:\/\/c14paris.com\/en\/artiste\/quentin-marais\/","title":{"rendered":"Quentin Marais"},"content":{"rendered":"<style>.kb-row-layout-wrap.wp-block-kadence-rowlayout.kb-row-layout-id2334_6b5ae3-d7{margin-top:0px;}.kb-row-layout-id2334_6b5ae3-d7 > .kt-row-column-wrap{align-content:start;}:where(.kb-row-layout-id2334_6b5ae3-d7 > .kt-row-column-wrap) > .wp-block-kadence-column{justify-content:start;}.kb-row-layout-id2334_6b5ae3-d7 > .kt-row-column-wrap{column-gap:var(--global-kb-gap-md, 2rem);row-gap:var(--global-kb-gap-md, 2rem);max-width:var( --global-content-width, 1250px );padding-left:var(--global-content-edge-padding);padding-right:var(--global-content-edge-padding);padding-bottom:var(--global-kb-spacing-sm, 1.5rem);grid-template-columns:repeat(2, minmax(0, 1fr));}.kb-row-layout-id2334_6b5ae3-d7 > .kt-row-layout-overlay{opacity:0.30;}@media all and (max-width: 1024px){.kb-row-layout-id2334_6b5ae3-d7 > .kt-row-column-wrap{grid-template-columns:repeat(2, minmax(0, 1fr));}}@media all and (max-width: 767px){.kb-row-layout-id2334_6b5ae3-d7 > .kt-row-column-wrap{grid-template-columns:minmax(0, 1fr);}}<\/style><div class=\"kb-row-layout-wrap kb-row-layout-id2334_6b5ae3-d7 alignnone wp-block-kadence-rowlayout\"><div class=\"kt-row-column-wrap kt-has-2-columns kt-row-layout-equal kt-tab-layout-inherit kt-mobile-layout-row kt-row-valign-top kb-theme-content-width\">\n<style>.kadence-column2334_cb5556-c0 > .kt-inside-inner-col,.kadence-column2334_cb5556-c0 > .kt-inside-inner-col:before{border-top-left-radius:0px;border-top-right-radius:0px;border-bottom-right-radius:0px;border-bottom-left-radius:0px;}.kadence-column2334_cb5556-c0 > .kt-inside-inner-col{column-gap:var(--global-kb-gap-sm, 1rem);}.kadence-column2334_cb5556-c0 > .kt-inside-inner-col{flex-direction:column;}.kadence-column2334_cb5556-c0 > .kt-inside-inner-col > .aligncenter{width:100%;}.kadence-column2334_cb5556-c0 > .kt-inside-inner-col:before{opacity:0.3;}.kadence-column2334_cb5556-c0{position:relative;}@media all and (max-width: 1024px){.kadence-column2334_cb5556-c0 > .kt-inside-inner-col{flex-direction:column;justify-content:center;}}@media all and (max-width: 767px){.kadence-column2334_cb5556-c0 > .kt-inside-inner-col{flex-direction:column;justify-content:center;}}<\/style>\n<div class=\"wp-block-kadence-column kadence-column2334_cb5556-c0\"><div class=\"kt-inside-inner-col\">\n<p class=\"has-text-align-right\"><br><strong>Laur\u00e9at du Prix Galerie 2023<\/strong><br>N\u00e9 en 1988. Vit et travaille \u00e0 Guerlesquin (Finist\u00e8re)<br><a href=\"https:\/\/barbouille.ultra-book.com\" target=\"_blank\" rel=\"noreferrer noopener\">barbouille.ultra-book.com<\/a><\/p>\n\n\n<style>.wp-block-kadence-advancedheading.kt-adv-heading2334_07bd5a-d6, .wp-block-kadence-advancedheading.kt-adv-heading2334_07bd5a-d6[data-kb-block=\"kb-adv-heading2334_07bd5a-d6\"]{text-align:right;font-style:normal;font-family:var( --global-heading-font-family, inherit );}.wp-block-kadence-advancedheading.kt-adv-heading2334_07bd5a-d6 mark.kt-highlight, .wp-block-kadence-advancedheading.kt-adv-heading2334_07bd5a-d6[data-kb-block=\"kb-adv-heading2334_07bd5a-d6\"] mark.kt-highlight{font-style:normal;color:#f76a0c;-webkit-box-decoration-break:clone;box-decoration-break:clone;padding-top:0px;padding-right:0px;padding-bottom:0px;padding-left:0px;}.wp-block-kadence-advancedheading.kt-adv-heading2334_07bd5a-d6 img.kb-inline-image, .wp-block-kadence-advancedheading.kt-adv-heading2334_07bd5a-d6[data-kb-block=\"kb-adv-heading2334_07bd5a-d6\"] img.kb-inline-image{width:150px;vertical-align:baseline;}<\/style>\n<p class=\"kt-adv-heading2334_07bd5a-d6 wp-block-kadence-advancedheading\" data-kb-block=\"kb-adv-heading2334_07bd5a-d6\">FORMATION<\/p>\n\n\n\n<p class=\"has-text-align-right\">2010: Formation professionnelle en c\u00e9ramique, Maison de la c\u00e9ramique, Dieulefit, Dr\u00f4me<br>Stages et workshops divers<br>2008: DMA,\u00a0Ecole Duperr\u00e9, Paris<\/p>\n\n\n<style>.wp-block-kadence-advancedheading.kt-adv-heading2334_4491bd-6e, .wp-block-kadence-advancedheading.kt-adv-heading2334_4491bd-6e[data-kb-block=\"kb-adv-heading2334_4491bd-6e\"]{text-align:right;font-style:normal;font-family:var( --global-heading-font-family, inherit );}.wp-block-kadence-advancedheading.kt-adv-heading2334_4491bd-6e mark.kt-highlight, .wp-block-kadence-advancedheading.kt-adv-heading2334_4491bd-6e[data-kb-block=\"kb-adv-heading2334_4491bd-6e\"] mark.kt-highlight{font-style:normal;color:#f76a0c;-webkit-box-decoration-break:clone;box-decoration-break:clone;padding-top:0px;padding-right:0px;padding-bottom:0px;padding-left:0px;}.wp-block-kadence-advancedheading.kt-adv-heading2334_4491bd-6e img.kb-inline-image, .wp-block-kadence-advancedheading.kt-adv-heading2334_4491bd-6e[data-kb-block=\"kb-adv-heading2334_4491bd-6e\"] img.kb-inline-image{width:150px;vertical-align:baseline;}<\/style>\n<p class=\"kt-adv-heading2334_4491bd-6e wp-block-kadence-advancedheading\" data-kb-block=\"kb-adv-heading2334_4491bd-6e\"><br>EXPOSITIONS<\/p>\n\n\n\n<p class=\"has-text-align-right\">2022 Invit\u00e9 d\u2019honneur, Maison du Potier, Le Fuillet<br>solo show, Galerie R\u00e9jane Louin, Locquirec.<br>2020 solo show, Les Communs, Cormatin<br>2019 solo show, Galerie Le Fil Rouge, Roubaix<br>2018 Biennale de C\u00e9ramique Contemporaine, Chantemerle-les-Grignans<\/p>\n<\/div><\/div>\n\n\n<style>.kadence-column2334_41c72f-50 > .kt-inside-inner-col,.kadence-column2334_41c72f-50 > .kt-inside-inner-col:before{border-top-left-radius:0px;border-top-right-radius:0px;border-bottom-right-radius:0px;border-bottom-left-radius:0px;}.kadence-column2334_41c72f-50 > .kt-inside-inner-col{column-gap:var(--global-kb-gap-sm, 1rem);}.kadence-column2334_41c72f-50 > .kt-inside-inner-col{flex-direction:column;}.kadence-column2334_41c72f-50 > .kt-inside-inner-col > .aligncenter{width:100%;}.kadence-column2334_41c72f-50 > .kt-inside-inner-col:before{opacity:0.3;}.kadence-column2334_41c72f-50{position:relative;}@media all and (max-width: 1024px){.kadence-column2334_41c72f-50 > .kt-inside-inner-col{flex-direction:column;justify-content:center;}}@media all and (max-width: 767px){.kadence-column2334_41c72f-50 > .kt-inside-inner-col{flex-direction:column;justify-content:center;}}<\/style>\n<div class=\"wp-block-kadence-column kadence-column2334_41c72f-50\"><div class=\"kt-inside-inner-col\"><style>.wp-block-kadence-spacer.kt-block-spacer-2334_be11bf-09 .kt-block-spacer{height:30px;}.wp-block-kadence-spacer.kt-block-spacer-2334_be11bf-09 .kt-divider{border-top-width:5px;height:1px;border-top-color:var(--global-palette3, #1A202C);width:50%;border-top-style:solid;}<\/style>\n<div class=\"wp-block-kadence-spacer aligncenter kt-block-spacer-2334_be11bf-09 is-style-default\"><div class=\"kt-block-spacer kt-block-spacer-halign-left\"><hr class=\"kt-divider\" \/><\/div><\/div>\n\n\n\n<p><em>\u00ab Une chose me pr\u00e9occupe\u00a0: quel fut le premier objet cr\u00e9e par l\u2019homme\u00a0?\u00a0Un objet de culte, magique et ornemental, ou un outil utile, pratique et rationnel\u2026 Cette question reste en suspens\u2026\u00a0\u00bb<\/em>\u00c0 la fois curieuses et fantasmagoriques, les \u00ab\u00a0cr\u00e9atures\u00a0\u00bb de Quentin Marais t\u00e9moignent d\u2019une inspiration ludique et d\u00e9complex\u00e9e, qui fait le pont entre un vocabulaire symbolique et des emprunts aux arch\u00e9types industriels ou ruraux, au monde color\u00e9 des jouets et des souvenirs d\u2019enfance. Formes, couleurs et textures se rencontrent s\u2019emboitent, s\u2019alignent, s\u2019accrochent au mur ou se suspendent.(\u2026)<\/p>\n\n\n\n<p style=\"font-size:13px\"><br>Retrouvez l&rsquo;int\u00e9gralit\u00e9 du texte dans le catalogue d&rsquo;exposition 2023<\/p>\n<\/div><\/div>\n\n<\/div><\/div>\n\n<style>.kb-row-layout-id2334_c23552-f8 > .kt-row-column-wrap{align-content:start;}:where(.kb-row-layout-id2334_c23552-f8 > .kt-row-column-wrap) > .wp-block-kadence-column{justify-content:start;}.kb-row-layout-id2334_c23552-f8 > .kt-row-column-wrap{column-gap:var(--global-kb-gap-md, 2rem);row-gap:var(--global-kb-gap-md, 2rem);max-width:var( --global-content-width, 1250px );padding-left:var(--global-content-edge-padding);padding-right:var(--global-content-edge-padding);padding-top:var(--global-kb-spacing-sm, 1.5rem);padding-bottom:var(--global-kb-spacing-sm, 1.5rem);grid-template-columns:minmax(0, 1fr);}.kb-row-layout-id2334_c23552-f8 > .kt-row-layout-overlay{opacity:0.30;}@media all and (max-width: 1024px){.kb-row-layout-id2334_c23552-f8 > .kt-row-column-wrap{grid-template-columns:minmax(0, 1fr);}}@media all and (max-width: 767px){.kb-row-layout-id2334_c23552-f8 > .kt-row-column-wrap{grid-template-columns:minmax(0, 1fr);}}<\/style><div class=\"kb-row-layout-wrap kb-row-layout-id2334_c23552-f8 alignnone wp-block-kadence-rowlayout\"><div class=\"kt-row-column-wrap kt-has-1-columns kt-row-layout-equal kt-tab-layout-inherit kt-mobile-layout-row kt-row-valign-top kb-theme-content-width\">\n<style>.kadence-column2334_450b58-a5 > .kt-inside-inner-col,.kadence-column2334_450b58-a5 > .kt-inside-inner-col:before{border-top-left-radius:0px;border-top-right-radius:0px;border-bottom-right-radius:0px;border-bottom-left-radius:0px;}.kadence-column2334_450b58-a5 > .kt-inside-inner-col{column-gap:var(--global-kb-gap-sm, 1rem);}.kadence-column2334_450b58-a5 > .kt-inside-inner-col{flex-direction:column;}.kadence-column2334_450b58-a5 > .kt-inside-inner-col > .aligncenter{width:100%;}.kadence-column2334_450b58-a5 > .kt-inside-inner-col:before{opacity:0.3;}.kadence-column2334_450b58-a5{position:relative;}@media all and (max-width: 1024px){.kadence-column2334_450b58-a5 > .kt-inside-inner-col{flex-direction:column;justify-content:center;}}@media all and (max-width: 767px){.kadence-column2334_450b58-a5 > .kt-inside-inner-col{flex-direction:column;justify-content:center;}}<\/style>\n<div class=\"wp-block-kadence-column kadence-column2334_450b58-a5\"><div class=\"kt-inside-inner-col\"><style>.wp-block-kadence-advancedgallery .kb-gallery-type-masonry.kb-gallery-id-2334_667e71-be{margin:-5px;}.kb-gallery-type-masonry.kb-gallery-id-2334_667e71-be .kadence-blocks-gallery-item{padding:5px;}.kb-gallery-id-2334_667e71-be .kadence-blocks-gallery-item .kb-gal-image-radius, .kb-gallery-id-2334_667e71-be .kb-slide-item .kb-gal-image-radius img{border-radius:0px 0px 0px 0px;;}<\/style><div class=\"kb-gallery-wrap-id-2334_667e71-be alignnone wp-block-kadence-advancedgallery\"><ul class=\"kb-gallery-ul kb-gallery-non-static kb-gallery-type-masonry kb-masonry-init kb-gallery-id-2334_667e71-be kb-gallery-caption-style-bottom-hover kb-gallery-filter-none kb-gallery-magnific-init\" data-image-filter=\"none\" data-item-selector=\".kadence-blocks-gallery-item\" data-lightbox-caption=\"false\" data-columns-xxl=\"4\" data-columns-xl=\"4\" data-columns-md=\"4\" data-columns-sm=\"3\" data-columns-xs=\"2\" data-columns-ss=\"2\"><li class=\"kadence-blocks-gallery-item\"><div class=\"kadence-blocks-gallery-item-inner\"><figure class=\"kb-gallery-figure kb-gallery-item-has-link kadence-blocks-gallery-item-hide-caption\"><a href=\"https:\/\/c14paris.com\/wp-content\/uploads\/sites\/9\/2025\/07\/0000s_0014_marais_quentin.jpg\" class=\"kb-gallery-item-link\"   role=\"button\" aria-haspopup=\"dialog\"><div class=\"kb-gal-image-radius\" style=\"max-width:678px;\"><div class=\"kb-gallery-image-contain kadence-blocks-gallery-intrinsic\" style=\"padding-bottom:151%;\"><img loading=\"lazy\" decoding=\"async\" src=\"https:\/\/c14paris.com\/wp-content\/uploads\/sites\/9\/2025\/07\/0000s_0014_marais_quentin-678x1024.jpg\" width=\"678\" height=\"1024\" alt=\"\" data-full-image=\"https:\/\/c14paris.com\/wp-content\/uploads\/sites\/9\/2025\/07\/0000s_0014_marais_quentin.jpg\" data-light-image=\"https:\/\/c14paris.com\/wp-content\/uploads\/sites\/9\/2025\/07\/0000s_0014_marais_quentin.jpg\" data-id=\"784\" class=\"wp-image-784\" srcset=\"https:\/\/c14paris.com\/wp-content\/uploads\/sites\/9\/2025\/07\/0000s_0014_marais_quentin-678x1024.jpg 678w, https:\/\/c14paris.com\/wp-content\/uploads\/sites\/9\/2025\/07\/0000s_0014_marais_quentin-199x300.jpg 199w, https:\/\/c14paris.com\/wp-content\/uploads\/sites\/9\/2025\/07\/0000s_0014_marais_quentin-768x1159.jpg 768w, https:\/\/c14paris.com\/wp-content\/uploads\/sites\/9\/2025\/07\/0000s_0014_marais_quentin-1018x1536.jpg 1018w, https:\/\/c14paris.com\/wp-content\/uploads\/sites\/9\/2025\/07\/0000s_0014_marais_quentin.jpg 1357w, https:\/\/c14paris.com\/wp-content\/uploads\/sites\/9\/2025\/07\/0000s_0014_marais_quentin-8x12.jpg 8w, https:\/\/c14paris.com\/wp-content\/uploads\/sites\/9\/2025\/07\/0000s_0014_marais_quentin-1200x1811.jpg 1200w\" sizes=\"auto, (max-width: 678px) 100vw, 678px\" \/><\/div><\/div><\/a><\/figure><\/div><\/li><\/ul><\/div><\/div><\/div>\n\n<\/div><\/div>","protected":false},"excerpt":{"rendered":"<p>Winner of Prix Galerie 2023Born 1988. Lives and works in Guerlesquin (Finist\u00e8re)barbouille.ultra-book.com EDUCATION 2010: Professional training in ceramics, Maison de la c\u00e9ramique, Dieulefit, Dr\u00f4meVarious courses and workshops2008: DMA, Ecole Duperr\u00e9, Paris EXHIBITIONS 2022 Guest of honor, Maison du Potier, Le Fuilletsolo show, Galerie R\u00e9jane Louin, Locquirec.2020 solo show, Les Communs, Cormatin2019 solo show, Galerie Le Fil...<\/p>","protected":false},"featured_media":784,"parent":0,"template":"","meta":{"_acf_changed":false,"_kad_blocks_custom_css":"","_kad_blocks_head_custom_js":"","_kad_blocks_body_custom_js":"","_kad_blocks_footer_custom_js":"","_kad_post_transparent":"","_kad_post_title":"","_kad_post_layout":"","_kad_post_sidebar_id":"","_kad_post_content_style":"","_kad_post_vertical_padding":"","_kad_post_feature":"","_kad_post_feature_position":"","_kad_post_header":false,"_kad_post_footer":false,"_kad_post_classname":"","footnotes":""},"tags":[19,29],"class_list":["post-2334","artiste","type-artiste","status-publish","has-post-thumbnail","hentry","tag-19","tag-laureate-prix-galerie-2023"],"acf":[],"taxonomy_info":{"post_tag":[{"value":19,"label":"2023"},{"value":29,"label":"Laur\u00e9at\u2022e Prix Galerie 2023"}]},"featured_image_src_large":["https:\/\/c14paris.com\/wp-content\/uploads\/sites\/9\/2025\/07\/0000s_0014_marais_quentin-678x1024.jpg",678,1024,true],"author_info":[],"comment_info":"","_links":{"self":[{"href":"https:\/\/c14paris.com\/en\/wp-json\/wp\/v2\/artiste\/2334","targetHints":{"allow":["GET"]}}],"collection":[{"href":"https:\/\/c14paris.com\/en\/wp-json\/wp\/v2\/artiste"}],"about":[{"href":"https:\/\/c14paris.com\/en\/wp-json\/wp\/v2\/types\/artiste"}],"version-history":[{"count":0,"href":"https:\/\/c14paris.com\/en\/wp-json\/wp\/v2\/artiste\/2334\/revisions"}],"wp:featuredmedia":[{"embeddable":true,"href":"https:\/\/c14paris.com\/en\/wp-json\/wp\/v2\/media\/784"}],"wp:attachment":[{"href":"https:\/\/c14paris.com\/en\/wp-json\/wp\/v2\/media?parent=2334"}],"wp:term":[{"taxonomy":"post_tag","embeddable":true,"href":"https:\/\/c14paris.com\/en\/wp-json\/wp\/v2\/tags?post=2334"}],"curies":[{"name":"wp","href":"https:\/\/api.w.org\/{rel}","templated":true}]}}