{"id":1077,"date":"2025-07-21T10:33:58","date_gmt":"2025-07-21T08:33:58","guid":{"rendered":"https:\/\/c14paris.com\/?post_type=artiste&#038;p=1077"},"modified":"2025-07-21T10:33:59","modified_gmt":"2025-07-21T08:33:59","slug":"cecile-meynier","status":"publish","type":"artiste","link":"https:\/\/c14paris.com\/en\/artiste\/cecile-meynier\/","title":{"rendered":"C\u00e9cile Meynier"},"content":{"rendered":"<style>.kb-row-layout-wrap.wp-block-kadence-rowlayout.kb-row-layout-id1077_6d219e-ee{margin-top:0px;}.kb-row-layout-id1077_6d219e-ee > .kt-row-column-wrap{align-content:start;}:where(.kb-row-layout-id1077_6d219e-ee > .kt-row-column-wrap) > .wp-block-kadence-column{justify-content:start;}.kb-row-layout-id1077_6d219e-ee > .kt-row-column-wrap{column-gap:var(--global-kb-gap-md, 2rem);row-gap:var(--global-kb-gap-md, 2rem);max-width:var( --global-content-width, 1250px );padding-left:var(--global-content-edge-padding);padding-right:var(--global-content-edge-padding);padding-bottom:var(--global-kb-spacing-sm, 1.5rem);grid-template-columns:repeat(2, minmax(0, 1fr));}.kb-row-layout-id1077_6d219e-ee > .kt-row-layout-overlay{opacity:0.30;}@media all and (max-width: 1024px){.kb-row-layout-id1077_6d219e-ee > .kt-row-column-wrap{grid-template-columns:repeat(2, minmax(0, 1fr));}}@media all and (max-width: 767px){.kb-row-layout-id1077_6d219e-ee > .kt-row-column-wrap{grid-template-columns:minmax(0, 1fr);}}<\/style><div class=\"kb-row-layout-wrap kb-row-layout-id1077_6d219e-ee alignnone wp-block-kadence-rowlayout\"><div class=\"kt-row-column-wrap kt-has-2-columns kt-row-layout-equal kt-tab-layout-inherit kt-mobile-layout-row kt-row-valign-top kb-theme-content-width\">\n<style>.kadence-column1077_edaf1f-5e > .kt-inside-inner-col,.kadence-column1077_edaf1f-5e > .kt-inside-inner-col:before{border-top-left-radius:0px;border-top-right-radius:0px;border-bottom-right-radius:0px;border-bottom-left-radius:0px;}.kadence-column1077_edaf1f-5e > .kt-inside-inner-col{column-gap:var(--global-kb-gap-sm, 1rem);}.kadence-column1077_edaf1f-5e > .kt-inside-inner-col{flex-direction:column;}.kadence-column1077_edaf1f-5e > .kt-inside-inner-col > .aligncenter{width:100%;}.kadence-column1077_edaf1f-5e > .kt-inside-inner-col:before{opacity:0.3;}.kadence-column1077_edaf1f-5e{position:relative;}@media all and (max-width: 1024px){.kadence-column1077_edaf1f-5e > .kt-inside-inner-col{flex-direction:column;justify-content:center;}}@media all and (max-width: 767px){.kadence-column1077_edaf1f-5e > .kt-inside-inner-col{flex-direction:column;justify-content:center;}}<\/style>\n<div class=\"wp-block-kadence-column kadence-column1077_edaf1f-5e\"><div class=\"kt-inside-inner-col\">\n<p class=\"has-text-align-right\"><br>N\u00e9e en 1978 \u00e0 Lons-Le-Saunier.<br>Vit et travaille \u00e0 Besan\u00e7on (France).<br><br><a href=\"http:\/\/www.cecilemeynier.com\" target=\"_blank\" rel=\"noreferrer noopener\">www.cecilemeynier.com<\/a><br><a href=\"https:\/\/www.facebook.com\/cecile.meynier.7\" target=\"_blank\" rel=\"noreferrer noopener\">facebook.com\/cecile.meynier.7<\/a><br><a href=\"https:\/\/www.instagram.com\/cecilemeynier\/\" target=\"_blank\" rel=\"noopener\">instagram.com\/<\/a><a href=\"https:\/\/www.instagram.com\/cecilemeynier\/\" target=\"_blank\" rel=\"noreferrer noopener\">cecilemeynier<\/a><a href=\"https:\/\/www.instagram.com\/cecilemeynier\/\" target=\"_blank\" rel=\"noopener\">\/<\/a><\/p>\n\n\n<style>.wp-block-kadence-advancedheading.kt-adv-heading1077_9747f7-77, .wp-block-kadence-advancedheading.kt-adv-heading1077_9747f7-77[data-kb-block=\"kb-adv-heading1077_9747f7-77\"]{text-align:right;font-style:normal;font-family:var( --global-heading-font-family, inherit );}.wp-block-kadence-advancedheading.kt-adv-heading1077_9747f7-77 mark.kt-highlight, .wp-block-kadence-advancedheading.kt-adv-heading1077_9747f7-77[data-kb-block=\"kb-adv-heading1077_9747f7-77\"] mark.kt-highlight{font-style:normal;color:#f76a0c;-webkit-box-decoration-break:clone;box-decoration-break:clone;padding-top:0px;padding-right:0px;padding-bottom:0px;padding-left:0px;}.wp-block-kadence-advancedheading.kt-adv-heading1077_9747f7-77 img.kb-inline-image, .wp-block-kadence-advancedheading.kt-adv-heading1077_9747f7-77[data-kb-block=\"kb-adv-heading1077_9747f7-77\"] img.kb-inline-image{width:150px;vertical-align:baseline;}<\/style>\n<p class=\"kt-adv-heading1077_9747f7-77 wp-block-kadence-advancedheading\" data-kb-block=\"kb-adv-heading1077_9747f7-77\">FORMATION<\/p>\n\n\n\n<p class=\"has-text-align-right\">2001 DNSEP, Beaux-arts de Besan\u00e7on en 2001.<\/p>\n\n\n<style>.wp-block-kadence-advancedheading.kt-adv-heading1077_cb5471-67, .wp-block-kadence-advancedheading.kt-adv-heading1077_cb5471-67[data-kb-block=\"kb-adv-heading1077_cb5471-67\"]{text-align:right;font-style:normal;font-family:var( --global-heading-font-family, inherit );}.wp-block-kadence-advancedheading.kt-adv-heading1077_cb5471-67 mark.kt-highlight, .wp-block-kadence-advancedheading.kt-adv-heading1077_cb5471-67[data-kb-block=\"kb-adv-heading1077_cb5471-67\"] mark.kt-highlight{font-style:normal;color:#f76a0c;-webkit-box-decoration-break:clone;box-decoration-break:clone;padding-top:0px;padding-right:0px;padding-bottom:0px;padding-left:0px;}.wp-block-kadence-advancedheading.kt-adv-heading1077_cb5471-67 img.kb-inline-image, .wp-block-kadence-advancedheading.kt-adv-heading1077_cb5471-67[data-kb-block=\"kb-adv-heading1077_cb5471-67\"] img.kb-inline-image{width:150px;vertical-align:baseline;}<\/style>\n<p class=\"kt-adv-heading1077_cb5471-67 wp-block-kadence-advancedheading\" data-kb-block=\"kb-adv-heading1077_cb5471-67\"><br>EXPOSITIONS<\/p>\n\n\n\n<p class=\"has-text-align-right\">2025 &#8211; \u00ab\u00a0La danseuse en chasse-neige\u00a0\u00bb, concert performatif, Frac Franche-Comt\u00e9 (commissariat sylvie Zavatta)<br>2024 &#8211; \u00ab\u00a0Le perroquet Harelle\u00a0\u00bb, Rouen impressionn\u00e9e, Mus\u00e9e des Beaux-Arts de Rouen (commissariat Nicolas Surlapierre) \/ \u00ab\u00a0La m\u00e9canique de l&rsquo;eau\u00a0\u00bb, Fondation Fran\u00e7ois Schneider, Wattwiller (performance sonore)<br>2023 \u00ab\u00a0Trois p&rsquo;tits tours et puis reviennent\u00a0\u00bb Villa du Parc, Annemasse t(commissariat Garance Chabert)<br>2022 \u00ab\u00a0Trois p&rsquo;tits tours et puis reviennent\u00a0\u00bb CRAC le 19, Montb\u00e9liard (Commissariat Anne Giffon-Selle)<br>2020 \u00ab\u00a0Didascalies ou l&rsquo;esprit d&rsquo;escalier\u00a0\u00bb, MBAA Besan\u00e7on (Commissariat Nicolas Surlapierre)<\/p>\n<\/div><\/div>\n\n\n<style>.kadence-column1077_91ae49-e4 > .kt-inside-inner-col,.kadence-column1077_91ae49-e4 > .kt-inside-inner-col:before{border-top-left-radius:0px;border-top-right-radius:0px;border-bottom-right-radius:0px;border-bottom-left-radius:0px;}.kadence-column1077_91ae49-e4 > .kt-inside-inner-col{column-gap:var(--global-kb-gap-sm, 1rem);}.kadence-column1077_91ae49-e4 > .kt-inside-inner-col{flex-direction:column;}.kadence-column1077_91ae49-e4 > .kt-inside-inner-col > .aligncenter{width:100%;}.kadence-column1077_91ae49-e4 > .kt-inside-inner-col:before{opacity:0.3;}.kadence-column1077_91ae49-e4{position:relative;}@media all and (max-width: 1024px){.kadence-column1077_91ae49-e4 > .kt-inside-inner-col{flex-direction:column;justify-content:center;}}@media all and (max-width: 767px){.kadence-column1077_91ae49-e4 > .kt-inside-inner-col{flex-direction:column;justify-content:center;}}<\/style>\n<div class=\"wp-block-kadence-column kadence-column1077_91ae49-e4\"><div class=\"kt-inside-inner-col\"><style>.wp-block-kadence-spacer.kt-block-spacer-1077_4e7cfa-9c .kt-block-spacer{height:30px;}.wp-block-kadence-spacer.kt-block-spacer-1077_4e7cfa-9c .kt-divider{border-top-width:5px;height:1px;border-top-color:var(--global-palette3, #1A202C);width:50%;border-top-style:solid;}<\/style>\n<div class=\"wp-block-kadence-spacer aligncenter kt-block-spacer-1077_4e7cfa-9c is-style-default\"><div class=\"kt-block-spacer kt-block-spacer-halign-left\"><hr class=\"kt-divider\" \/><\/div><\/div>\n\n\n\n<p>Artiste plasticienne, C\u00e9cile Meynier pratique la sculpture, la c\u00e9ramique, l\u2019installation in situ, et plus r\u00e9cemment la performance. Elle construit son mobilier d\u2019exposition et des environnements qui viennent englober ses objets dans une sorte de paysage. Elle puise dans le potentiel de diff\u00e9rents m\u00e9diums traditionnels ou non, exploit\u00e9s pour d\u00e9velopperun langage formel qui lui est propre. Ses productions \u00e9chappent \u00e0 toute cat\u00e9gorisation, mais la c\u00e9ramique y prend une place pr\u00e9pond\u00e9rante.Le rapport aux objets du quotidien, l\u2019origine du geste cr\u00e9ateur, le statut de l\u2019\u0153uvre d\u2019art et sa tradition font partie des questionnement qu\u2019elle cherche \u00e0 d\u00e9mystifier.(&#8230;)<\/p>\n\n\n\n<p style=\"font-size:13px\"><br>Retrouvez l&rsquo;int\u00e9gralit\u00e9 du texte dans le catalogue d&rsquo;exposition 2025<\/p>\n<\/div><\/div>\n\n<\/div><\/div>\n\n<style>.kb-row-layout-id1077_5bd29d-fd > .kt-row-column-wrap{align-content:start;}:where(.kb-row-layout-id1077_5bd29d-fd > .kt-row-column-wrap) > .wp-block-kadence-column{justify-content:start;}.kb-row-layout-id1077_5bd29d-fd > .kt-row-column-wrap{column-gap:var(--global-kb-gap-md, 2rem);row-gap:var(--global-kb-gap-md, 2rem);max-width:var( --global-content-width, 1250px );padding-left:var(--global-content-edge-padding);padding-right:var(--global-content-edge-padding);padding-top:var(--global-kb-spacing-sm, 1.5rem);padding-bottom:var(--global-kb-spacing-sm, 1.5rem);grid-template-columns:minmax(0, 1fr);}.kb-row-layout-id1077_5bd29d-fd > .kt-row-layout-overlay{opacity:0.30;}@media all and (max-width: 1024px){.kb-row-layout-id1077_5bd29d-fd > .kt-row-column-wrap{grid-template-columns:minmax(0, 1fr);}}@media all and (max-width: 767px){.kb-row-layout-id1077_5bd29d-fd > .kt-row-column-wrap{grid-template-columns:minmax(0, 1fr);}}<\/style><div class=\"kb-row-layout-wrap kb-row-layout-id1077_5bd29d-fd alignnone wp-block-kadence-rowlayout\"><div class=\"kt-row-column-wrap kt-has-1-columns kt-row-layout-equal kt-tab-layout-inherit kt-mobile-layout-row kt-row-valign-top kb-theme-content-width\">\n<style>.kadence-column1077_4df55c-b6 > .kt-inside-inner-col,.kadence-column1077_4df55c-b6 > .kt-inside-inner-col:before{border-top-left-radius:0px;border-top-right-radius:0px;border-bottom-right-radius:0px;border-bottom-left-radius:0px;}.kadence-column1077_4df55c-b6 > .kt-inside-inner-col{column-gap:var(--global-kb-gap-sm, 1rem);}.kadence-column1077_4df55c-b6 > .kt-inside-inner-col{flex-direction:column;}.kadence-column1077_4df55c-b6 > .kt-inside-inner-col > .aligncenter{width:100%;}.kadence-column1077_4df55c-b6 > .kt-inside-inner-col:before{opacity:0.3;}.kadence-column1077_4df55c-b6{position:relative;}@media all and (max-width: 1024px){.kadence-column1077_4df55c-b6 > .kt-inside-inner-col{flex-direction:column;justify-content:center;}}@media all and (max-width: 767px){.kadence-column1077_4df55c-b6 > .kt-inside-inner-col{flex-direction:column;justify-content:center;}}<\/style>\n<div class=\"wp-block-kadence-column kadence-column1077_4df55c-b6\"><div class=\"kt-inside-inner-col\"><style>.wp-block-kadence-advancedgallery .kb-gallery-type-masonry.kb-gallery-id-1077_7157be-77{margin:-5px;}.kb-gallery-type-masonry.kb-gallery-id-1077_7157be-77 .kadence-blocks-gallery-item{padding:5px;}.kb-gallery-id-1077_7157be-77 .kadence-blocks-gallery-item .kb-gal-image-radius, .kb-gallery-id-1077_7157be-77 .kb-slide-item .kb-gal-image-radius img{border-radius:0px 0px 0px 0px;;}<\/style><div class=\"kb-gallery-wrap-id-1077_7157be-77 alignnone wp-block-kadence-advancedgallery\"><ul class=\"kb-gallery-ul kb-gallery-non-static kb-gallery-type-masonry kb-masonry-init kb-gallery-id-1077_7157be-77 kb-gallery-caption-style-bottom-hover kb-gallery-filter-none kb-gallery-magnific-init\" data-image-filter=\"none\" data-item-selector=\".kadence-blocks-gallery-item\" data-lightbox-caption=\"false\" data-columns-xxl=\"4\" data-columns-xl=\"4\" data-columns-md=\"4\" data-columns-sm=\"3\" data-columns-xs=\"2\" data-columns-ss=\"2\"><li class=\"kadence-blocks-gallery-item\"><div class=\"kadence-blocks-gallery-item-inner\"><figure class=\"kb-gallery-figure kb-gallery-item-has-link kadence-blocks-gallery-item-hide-caption\"><a href=\"https:\/\/c14paris.com\/wp-content\/uploads\/sites\/9\/2025\/07\/MEYNIER_cecile_Pierrot-Coco-2-2024-HD.jpg\" class=\"kb-gallery-item-link\"   role=\"button\" aria-haspopup=\"dialog\"><div class=\"kb-gal-image-radius\" style=\"max-width:678px;\"><div class=\"kb-gallery-image-contain kadence-blocks-gallery-intrinsic\" style=\"padding-bottom:151%;\"><img loading=\"lazy\" decoding=\"async\" src=\"https:\/\/c14paris.com\/wp-content\/uploads\/sites\/9\/2025\/07\/MEYNIER_cecile_Pierrot-Coco-2-2024-HD-678x1024.jpg\" width=\"678\" height=\"1024\" alt=\"\" data-full-image=\"https:\/\/c14paris.com\/wp-content\/uploads\/sites\/9\/2025\/07\/MEYNIER_cecile_Pierrot-Coco-2-2024-HD.jpg\" data-light-image=\"https:\/\/c14paris.com\/wp-content\/uploads\/sites\/9\/2025\/07\/MEYNIER_cecile_Pierrot-Coco-2-2024-HD.jpg\" data-id=\"239\" class=\"wp-image-239\" srcset=\"https:\/\/c14paris.com\/wp-content\/uploads\/sites\/9\/2025\/07\/MEYNIER_cecile_Pierrot-Coco-2-2024-HD-678x1024.jpg 678w, https:\/\/c14paris.com\/wp-content\/uploads\/sites\/9\/2025\/07\/MEYNIER_cecile_Pierrot-Coco-2-2024-HD-199x300.jpg 199w, https:\/\/c14paris.com\/wp-content\/uploads\/sites\/9\/2025\/07\/MEYNIER_cecile_Pierrot-Coco-2-2024-HD-768x1159.jpg 768w, https:\/\/c14paris.com\/wp-content\/uploads\/sites\/9\/2025\/07\/MEYNIER_cecile_Pierrot-Coco-2-2024-HD-1017x1536.jpg 1017w, https:\/\/c14paris.com\/wp-content\/uploads\/sites\/9\/2025\/07\/MEYNIER_cecile_Pierrot-Coco-2-2024-HD-scaled.jpg 1357w, https:\/\/c14paris.com\/wp-content\/uploads\/sites\/9\/2025\/07\/MEYNIER_cecile_Pierrot-Coco-2-2024-HD-8x12.jpg 8w, https:\/\/c14paris.com\/wp-content\/uploads\/sites\/9\/2025\/07\/MEYNIER_cecile_Pierrot-Coco-2-2024-HD-1200x1812.jpg 1200w\" sizes=\"auto, (max-width: 678px) 100vw, 678px\" \/><\/div><\/div><\/a><\/figure><\/div><\/li><\/ul><\/div><\/div><\/div>\n\n<\/div><\/div>","protected":false},"excerpt":{"rendered":"<p>Born in 1978 in Lons-Le-Saunier. Lives and works in Besan\u00e7on (France). www.cecilemeynier.comfacebook.com\/cecile.meynier.7instagram.com\/cecilemeynier\/ EDUCATION 2001 DNSEP, Fine Arts, Besan\u00e7on, 2001. EXHIBITIONS 2025 \u2013 \u00abLa danseuse en chasse-neige\u00bb (The Snowplow Dancer), performance concert, Frac Franche-Comt\u00e9 (curated by Sylvie Zavatta) 2024 \u2013 \u00abLe perroquet Harelle\u00bb (The Harelle Parrot), Rouen Impressionn\u00e9e, Mus\u00e9e des Beaux-Arts de Rouen (curated by Nicolas Surlapierre) \/ \u00abLa m\u00e9canique de l'eau\u00bb (The Mechanics of Water), Fondation Fran\u00e7ois Schneider,...<\/p>","protected":false},"featured_media":239,"parent":0,"template":"","meta":{"_acf_changed":false,"_kad_blocks_custom_css":"","_kad_blocks_head_custom_js":"","_kad_blocks_body_custom_js":"","_kad_blocks_footer_custom_js":"","_kad_post_transparent":"","_kad_post_title":"","_kad_post_layout":"","_kad_post_sidebar_id":"","_kad_post_content_style":"","_kad_post_vertical_padding":"","_kad_post_feature":"","_kad_post_feature_position":"","_kad_post_header":false,"_kad_post_footer":false,"_kad_post_classname":"","footnotes":""},"tags":[17],"class_list":["post-1077","artiste","type-artiste","status-publish","has-post-thumbnail","hentry","tag-17"],"acf":[],"taxonomy_info":{"post_tag":[{"value":17,"label":"2025"}]},"featured_image_src_large":["https:\/\/c14paris.com\/wp-content\/uploads\/sites\/9\/2025\/07\/MEYNIER_cecile_Pierrot-Coco-2-2024-HD-678x1024.jpg",678,1024,true],"author_info":[],"comment_info":"","_links":{"self":[{"href":"https:\/\/c14paris.com\/en\/wp-json\/wp\/v2\/artiste\/1077","targetHints":{"allow":["GET"]}}],"collection":[{"href":"https:\/\/c14paris.com\/en\/wp-json\/wp\/v2\/artiste"}],"about":[{"href":"https:\/\/c14paris.com\/en\/wp-json\/wp\/v2\/types\/artiste"}],"version-history":[{"count":0,"href":"https:\/\/c14paris.com\/en\/wp-json\/wp\/v2\/artiste\/1077\/revisions"}],"wp:featuredmedia":[{"embeddable":true,"href":"https:\/\/c14paris.com\/en\/wp-json\/wp\/v2\/media\/239"}],"wp:attachment":[{"href":"https:\/\/c14paris.com\/en\/wp-json\/wp\/v2\/media?parent=1077"}],"wp:term":[{"taxonomy":"post_tag","embeddable":true,"href":"https:\/\/c14paris.com\/en\/wp-json\/wp\/v2\/tags?post=1077"}],"curies":[{"name":"wp","href":"https:\/\/api.w.org\/{rel}","templated":true}]}}